
{"id":1307,"date":"2023-12-14T12:52:03","date_gmt":"2023-12-14T12:52:03","guid":{"rendered":"https:\/\/www.fireireland.ie\/cuiseanna-le-bheith-i-do-chomhraiceoir-doiteain-ar-airithiocht\/"},"modified":"2024-07-24T08:32:35","modified_gmt":"2024-07-24T07:32:35","slug":"cuiseanna-le-bheith-i-do-chomhraiceoir-doiteain-ar-airithiocht","status":"publish","type":"page","link":"https:\/\/www.fireireland.ie\/ga\/gairmeacha-i-gcursai-doiteain\/gairmeacha-mar-chomhraiceoir-doiteain-ar-coimead\/cuiseanna-le-bheith-i-do-chomhraiceoir-doiteain-ar-airithiocht\/","title":{"rendered":"C\u00faiseanna le bheith i do Chomhraiceoir D\u00f3ite\u00e1in ar \u00c1irith\u00edocht"},"content":{"rendered":"\n<div class=\"wp-block-cover alignfull is-light has-custom-content-position is-position-bottom-left\"><span aria-hidden=\"true\" class=\"wp-block-cover__background has-background-dim-0 has-background-dim\"><\/span><img loading=\"lazy\" decoding=\"async\" width=\"1053\" height=\"707\" class=\"wp-block-cover__image-background wp-image-61\" alt=\"\" src=\"https:\/\/cdn.fireireland.ie\/wp-content\/uploads\/2023\/12\/02094940\/30411808_1500020796792906_79927709505735.png\" style=\"object-position:48% 68%\" data-object-fit=\"cover\" data-object-position=\"48% 68%\" srcset=\"https:\/\/cdn.fireireland.ie\/wp-content\/uploads\/2023\/12\/02094940\/30411808_1500020796792906_79927709505735.png 1053w, https:\/\/cdn.fireireland.ie\/wp-content\/uploads\/2023\/12\/02094940\/30411808_1500020796792906_79927709505735-300x201.png 300w, https:\/\/cdn.fireireland.ie\/wp-content\/uploads\/2023\/12\/02094940\/30411808_1500020796792906_79927709505735-1024x688.png 1024w, https:\/\/cdn.fireireland.ie\/wp-content\/uploads\/2023\/12\/02094940\/30411808_1500020796792906_79927709505735-768x516.png 768w\" sizes=\"auto, (max-width: 1053px) 100vw, 1053px\" \/><div class=\"wp-block-cover__inner-container is-layout-constrained wp-block-cover-is-layout-constrained\">\n<div class=\"wp-block-group is-layout-constrained wp-block-group-is-layout-constrained\">\n<h1 class=\"wp-block-heading has-text-align-left has-large-font-size\"><mark style=\"background-color:rgba(0, 0, 0, 0)\" class=\"has-inline-color has-ast-global-color-0-color\">C\u00faiseanna le bheith<\/mark> i do Chomhraiceoir D\u00f3ite\u00e1in ar \u00c1irith\u00edocht<\/h1>\n\n\n\n<p class=\"has-medium-font-size\">B\u00ed i do laoch i do Phobal f\u00e9in<\/p>\n<\/div>\n<\/div><\/div>\n\n<div style=\"height:25px\" aria-hidden=\"true\" class=\"wp-block-spacer\"><\/div>\n\n\t\t\t<!-- Flexy Breadcrumb -->\r\n\t\t\t<div class=\"fbc fbc-page\">\r\n\r\n\t\t\t\t<!-- Breadcrumb wrapper -->\r\n\t\t\t\t<div class=\"fbc-wrap\">\r\n\r\n\t\t\t\t\t<!-- Ordered list-->\r\n\t\t\t\t\t<ol class=\"fbc-items\" itemscope itemtype=\"https:\/\/schema.org\/BreadcrumbList\">\r\n\t\t\t\t\t\t            <li itemprop=\"itemListElement\" itemscope itemtype=\"https:\/\/schema.org\/ListItem\">\r\n                <span itemprop=\"name\">\r\n                    <!-- Home Link -->\r\n                    <a itemprop=\"item\" href=\"https:\/\/www.fireireland.ie\">\r\n                    \r\n                                                    <i class=\"fa fa-home\" aria-hidden=\"true\"><\/i>Home                    <\/a>\r\n                <\/span>\r\n                <meta itemprop=\"position\" content=\"1\" \/><!-- Meta Position-->\r\n             <\/li><li><span class=\"fbc-separator\">\/<\/span><\/li><li class=\"active\" itemprop=\"itemListElement\" itemscope itemtype=\"https:\/\/schema.org\/ListItem\"><span itemprop=\"name\" title=\"C\u00faiseanna le bheith i do Chomhraiceoir D\u00f3ite\u00e1in ar \u00c1irith\u00edocht\">C\u00faiseanna le bheith i do Chomhraiceoir D\u00f3ite\u00e1in ar \u00c1irith\u00edocht<\/span><meta itemprop=\"position\" content=\"2\" \/><\/li>\t\t\t\t\t<\/ol>\r\n\t\t\t\t\t<div class=\"clearfix\"><\/div>\r\n\t\t\t\t<\/div>\r\n\t\t\t<\/div>\r\n\t\t\t\n\n<div class=\"wp-block-columns is-layout-flex wp-container-core-columns-is-layout-e0e4babd wp-block-columns-is-layout-flex\" style=\"padding-right:0;padding-left:0\">\n<div class=\"wp-block-column is-layout-flow wp-block-column-is-layout-flow\">\n<figure class=\"wp-block-embed is-type-video is-provider-youtube wp-block-embed-youtube wp-embed-aspect-16-9 wp-has-aspect-ratio\"><div class=\"wp-block-embed__wrapper\">\n<iframe loading=\"lazy\" title=\"Become a Hero in Your community - Clare County Council\" width=\"500\" height=\"281\" src=\"https:\/\/www.youtube.com\/embed\/CsLGRMBkpL0?feature=oembed\" frameborder=\"0\" allow=\"accelerometer; autoplay; clipboard-write; encrypted-media; gyroscope; picture-in-picture; web-share\" referrerpolicy=\"strict-origin-when-cross-origin\" allowfullscreen><\/iframe>\n<\/div><\/figure>\n<\/div>\n<\/div>\n\n<div class=\"wp-block-columns is-layout-flex wp-container-core-columns-is-layout-e0e4babd wp-block-columns-is-layout-flex\" style=\"padding-right:0;padding-left:0\">\n<div class=\"wp-block-column is-layout-flow wp-block-column-is-layout-flow\">\n<div class=\"wp-block-group card-block has-background is-vertical is-layout-flex wp-container-core-group-is-layout-fe9cc265 wp-block-group-is-layout-flex\" style=\"background-color:#e7e7e7\">\n<h2 class=\"wp-block-heading has-medium-font-size\"><strong>C\u00e9n f\u00e1th a nd\u00e9anfainn?<\/strong> \u2013 <strong>C\u00c9N F\u00c1TH NACH ND\u00c9ANFAINN?<\/strong><\/h2>\n\n\n\n<ul class=\"wp-block-list\">\n<li>Forbairt Phearsanta<\/li>\n\n\n\n<li>Muintearas<\/li>\n\n\n\n<li>Cuidigh le do Phobal<\/li>\n<\/ul>\n<\/div>\n\n\n\n<div class=\"wp-block-group card-block has-background is-vertical is-layout-flex wp-container-core-group-is-layout-fe9cc265 wp-block-group-is-layout-flex\" style=\"background-color:#f5f5f5\">\n<h2 class=\"wp-block-heading has-medium-font-size\">Pinsean agus Sl\u00e1nd\u00e1il<\/h2>\n\n\n\n<ul class=\"wp-block-list\">\n<li>Is post p\u00e1irtaimseartha ach buan \u00e9 ag obair mar Chomhraiceoir D\u00f3ite\u00e1in ar \u00c1irith\u00edocht<\/li>\n\n\n\n<li>R\u00e1tha\u00edocht ioncaim \u00edosta sa ch\u00e9ad bhliain de \u20ac25,000<\/li>\n<\/ul>\n<\/div>\n\n\n\n<div class=\"wp-block-group card-block has-background is-vertical is-layout-flex wp-container-core-group-is-layout-fe9cc265 wp-block-group-is-layout-flex\" style=\"background-color:#e7e7e7\">\n<h2 class=\"wp-block-heading has-medium-font-size\">Sol\u00fabthacht<\/h2>\n\n\n\n<ul class=\"wp-block-list\">\n<li>T\u00e1 seachtain saor ag Comhraiceoir\u00ed D\u00f3ite\u00e1in ar \u00c1irith\u00edocht anois do gach seachtain a mb\u00edonn siad ag obair<\/li>\n\n\n\n<li>28 L\u00e1 Saoire Reacht\u00fail ar a laghad agus \u00e9 \u00cdoctha go hIoml\u00e1n<\/li>\n<\/ul>\n<\/div>\n\n\n\n<div class=\"wp-block-group card-block has-background is-vertical is-layout-flex wp-container-core-group-is-layout-fe9cc265 wp-block-group-is-layout-flex\" style=\"background-color:#f5f5f5\">\n<h2 class=\"wp-block-heading has-medium-font-size\">Cuirfear Oili\u00faint Ioml\u00e1n ar f\u00e1il<br\/>&#8211; A l\u00e1n scileanna inaistrithe<\/h2>\n\n\n\n<ul class=\"wp-block-list\">\n<li>C\u00farsa 3 Sheachtain ar Scileanna i gComhrac D\u00f3ite\u00e1in<\/li>\n\n\n\n<li>C\u00farsa 3 Sheachtain ar Ghaireas An\u00e1laithe a \u00fas\u00e1id agus Iompra\u00edocht D\u00f3ite\u00e1in Urrainne<\/li>\n\n\n\n<li>C\u00farsa Seachtaine ar Theagmhais Iompair<\/li>\n\n\n\n<li>C\u00farsa Seachtaine ar Chaid\u00e9al a \u00das\u00e1id<\/li>\n\n\n\n<li>C\u00farsa Seachtaine ar \u00c1bhair Ghuaiseacha<\/li>\n\n\n\n<li>C\u00farsa Seachtaine Ch\u00e9ad Fhreagr\u00f3ir \u00c9igeand\u00e1la<\/li>\n\n\n\n<li>C\u00farsa Seachtain go leith ar Scoil Tiom\u00e1na na Seirbh\u00eds\u00ed \u00c9igeand\u00e1la<\/li>\n\n\n\n<li>C\u00farsa ar Tharrth\u00e1il \u00f3 Abhainn in Uisce Gasta<\/li>\n\n\n\n<li>Traen\u00e1il Chead\u00fanais Chatag\u00f3ir C (Cistithe go hIoml\u00e1n)<\/li>\n<\/ul>\n<\/div>\n<\/div>\n\n\n\n<div class=\"wp-block-column is-layout-flow wp-block-column-is-layout-flow\">\n<div class=\"wp-block-group card-block has-background is-vertical is-layout-flex wp-container-core-group-is-layout-fe9cc265 wp-block-group-is-layout-flex\" style=\"background-color:#e7e7e7\">\n<h2 class=\"wp-block-heading has-medium-font-size\">Dul chun cinn Gairme &amp; Deiseanna Oibre<\/h2>\n\n\n\n<ul class=\"wp-block-list\">\n<li>Comhraiceoir D\u00f3ite\u00e1in<\/li>\n\n\n\n<li>Tiom\u00e1na\u00ed\/Meicneoir<\/li>\n\n\n\n<li>Fo-Oifigeach St\u00e1isi\u00fain<\/li>\n\n\n\n<li>Oifigeach St\u00e1isi\u00fain<\/li>\n\n\n\n<li>Leas Phr\u00edomhoifigeach D\u00f3ite\u00e1in<\/li>\n\n\n\n<li>Leas Phr\u00edomh-Oifigeach Sinsearach D\u00f3ite\u00e1in<\/li>\n\n\n\n<li>Pr\u00edomhoifigeach D\u00f3ite\u00e1in<\/li>\n<\/ul>\n<\/div>\n\n\n\n<div class=\"wp-block-group card-block has-background is-vertical is-layout-flex wp-container-core-group-is-layout-fe9cc265 wp-block-group-is-layout-flex\" style=\"background-color:#f5f5f5\">\n<h2 class=\"wp-block-heading has-medium-font-size\">Scileanna ar feadh an tSaoil<\/h2>\n\n\n\n<ul class=\"wp-block-list\">\n<li>Obair Foirne<\/li>\n\n\n\n<li>Ceannaireacht<\/li>\n\n\n\n<li>R\u00e9iteach Fadhbanna<\/li>\n\n\n\n<li>Tiomantas<\/li>\n\n\n\n<li>F\u00e9insmacht<\/li>\n\n\n\n<li>Acmhainneacht<\/li>\n<\/ul>\n<\/div>\n\n\n\n<div class=\"wp-block-group card-block has-background is-vertical is-layout-flex wp-container-core-group-is-layout-fe9cc265 wp-block-group-is-layout-flex\" style=\"background-color:#e7e7e7\">\n<h2 class=\"wp-block-heading has-medium-font-size\">T\u00e9igh i dteagmh\u00e1il le do Phobal f\u00e9in <\/h2>\n\n\n\n<ul class=\"wp-block-list\">\n<li>Cainteanna\/Taispe\u00e1ntais ar Sh\u00e1bh\u00e1ilteacht D\u00f3ite\u00e1in<\/li>\n\n\n\n<li>BfireSafe@School<\/li>\n\n\n\n<li>Cuairteanna ar Sh\u00e1bh\u00e1ilteacht D\u00f3ite\u00e1in sa Bhaile<\/li>\n\n\n\n<li>Plean\u00e1il R\u00e9amhtheagmh\u00e1is<\/li>\n\n\n\n<li>Cl\u00e1r na mBunscoileanna<\/li>\n<\/ul>\n<\/div>\n\n\n\n<div class=\"wp-block-group card-block has-background is-vertical is-layout-flex wp-container-core-group-is-layout-fe9cc265 wp-block-group-is-layout-flex\" style=\"background-color:#f5f5f5\">\n<h2 class=\"wp-block-heading has-medium-font-size\">Taca\u00edocht &amp; Scagth\u00e1st\u00e1il Sl\u00e1inte<\/h2>\n\n\n\n<ul class=\"wp-block-list\">\n<li>T\u00e1 f\u00e1il ag gach ball agus a dteaghlaigh ar thaca\u00edochta\u00ed s\u00edceola\u00edochta<\/li>\n\n\n\n<li>C\u00faram Sl\u00e1inte agus Sl\u00e1inte Cheirde i bhfeidhm<\/li>\n<\/ul>\n<\/div>\n<\/div>\n<\/div>\n","protected":false},"excerpt":{"rendered":"<p>C\u00e9n f\u00e1th a nd\u00e9anfainn? \u2013 C\u00c9N F\u00c1TH NACH ND\u00c9ANFAINN? Pinsean agus Sl\u00e1nd\u00e1il Sol\u00fabthacht Cuirfear Oili\u00faint Ioml\u00e1n ar f\u00e1il&#8211; A l\u00e1n scileanna inaistrithe Dul chun cinn Gairme &amp; Deiseanna Oibre Scileanna ar feadh an tSaoil T\u00e9igh i dteagmh\u00e1il le do Phobal f\u00e9in Taca\u00edocht &amp; Scagth\u00e1st\u00e1il Sl\u00e1inte<\/p>\n","protected":false},"author":1,"featured_media":0,"parent":1335,"menu_order":0,"comment_status":"closed","ping_status":"closed","template":"","meta":{"_acf_changed":false,"_uag_custom_page_level_css":"","site-sidebar-layout":"default","site-content-layout":"","ast-site-content-layout":"default","site-content-style":"boxed","site-sidebar-style":"default","ast-global-header-display":"","ast-banner-title-visibility":"","ast-main-header-display":"","ast-hfb-above-header-display":"","ast-hfb-below-header-display":"","ast-hfb-mobile-header-display":"","site-post-title":"disabled","ast-breadcrumbs-content":"","ast-featured-img":"","footer-sml-layout":"","ast-disable-related-posts":"","theme-transparent-header-meta":"","adv-header-id-meta":"","stick-header-meta":"","header-above-stick-meta":"","header-main-stick-meta":"","header-below-stick-meta":"","astra-migrate-meta-layouts":"default","ast-page-background-enabled":"default","ast-page-background-meta":{"desktop":{"background-color":"var(--ast-global-color-4)","background-image":"","background-repeat":"repeat","background-position":"center center","background-size":"auto","background-attachment":"scroll","background-type":"","background-media":"","overlay-type":"","overlay-color":"","overlay-opacity":"","overlay-gradient":""},"tablet":{"background-color":"","background-image":"","background-repeat":"repeat","background-position":"center center","background-size":"auto","background-attachment":"scroll","background-type":"","background-media":"","overlay-type":"","overlay-color":"","overlay-opacity":"","overlay-gradient":""},"mobile":{"background-color":"","background-image":"","background-repeat":"repeat","background-position":"center center","background-size":"auto","background-attachment":"scroll","background-type":"","background-media":"","overlay-type":"","overlay-color":"","overlay-opacity":"","overlay-gradient":""}},"ast-content-background-meta":{"desktop":{"background-color":"var(--ast-global-color-5)","background-image":"","background-repeat":"repeat","background-position":"center center","background-size":"auto","background-attachment":"scroll","background-type":"","background-media":"","overlay-type":"","overlay-color":"","overlay-opacity":"","overlay-gradient":""},"tablet":{"background-color":"var(--ast-global-color-5)","background-image":"","background-repeat":"repeat","background-position":"center center","background-size":"auto","background-attachment":"scroll","background-type":"","background-media":"","overlay-type":"","overlay-color":"","overlay-opacity":"","overlay-gradient":""},"mobile":{"background-color":"var(--ast-global-color-5)","background-image":"","background-repeat":"repeat","background-position":"center center","background-size":"auto","background-attachment":"scroll","background-type":"","background-media":"","overlay-type":"","overlay-color":"","overlay-opacity":"","overlay-gradient":""}},"pgc_sgb_lightbox_settings":"","footnotes":""},"categories":[],"tags":[],"class_list":["post-1307","page","type-page","status-publish","hentry"],"acf":[],"yoast_head":"<!-- This site is optimized with the Yoast SEO plugin v27.5 - https:\/\/yoast.com\/product\/yoast-seo-wordpress\/ -->\n<title>C\u00faiseanna le bheith i do Chomhraiceoir D\u00f3ite\u00e1in ar \u00c1irith\u00edocht - Fire Ireland<\/title>\n<meta name=\"robots\" content=\"index, follow, max-snippet:-1, max-image-preview:large, max-video-preview:-1\" \/>\n<link rel=\"canonical\" href=\"https:\/\/www.fireireland.ie\/ga\/gairmeacha-i-gcursai-doiteain\/gairmeacha-mar-chomhraiceoir-doiteain-ar-coimead\/cuiseanna-le-bheith-i-do-chomhraiceoir-doiteain-ar-airithiocht\/\" \/>\n<meta property=\"og:locale\" content=\"ga_IE\" \/>\n<meta property=\"og:type\" content=\"article\" \/>\n<meta property=\"og:title\" content=\"C\u00faiseanna le bheith i do Chomhraiceoir D\u00f3ite\u00e1in ar \u00c1irith\u00edocht - Fire Ireland\" \/>\n<meta property=\"og:description\" content=\"C\u00e9n f\u00e1th a nd\u00e9anfainn? \u2013 C\u00c9N F\u00c1TH NACH ND\u00c9ANFAINN? Pinsean agus Sl\u00e1nd\u00e1il Sol\u00fabthacht Cuirfear Oili\u00faint Ioml\u00e1n ar f\u00e1il&#8211; A l\u00e1n scileanna inaistrithe Dul chun cinn Gairme &amp; Deiseanna Oibre Scileanna ar feadh an tSaoil T\u00e9igh i dteagmh\u00e1il le do Phobal f\u00e9in Taca\u00edocht &amp; Scagth\u00e1st\u00e1il Sl\u00e1inte\" \/>\n<meta property=\"og:url\" content=\"https:\/\/www.fireireland.ie\/ga\/gairmeacha-i-gcursai-doiteain\/gairmeacha-mar-chomhraiceoir-doiteain-ar-coimead\/cuiseanna-le-bheith-i-do-chomhraiceoir-doiteain-ar-airithiocht\/\" \/>\n<meta property=\"og:site_name\" content=\"Fire Ireland\" \/>\n<meta property=\"article:publisher\" content=\"http:\/\/www.facebook.com\/IrishFireSafety\" \/>\n<meta property=\"article:modified_time\" content=\"2024-07-24T07:32:35+00:00\" \/>\n<meta property=\"og:image\" content=\"https:\/\/www.fireireland.ie\/wp-content\/uploads\/2023\/12\/30411808_1500020796792906_79927709505735.png\" \/>\n<meta name=\"twitter:card\" content=\"summary_large_image\" \/>\n<meta name=\"twitter:site\" content=\"@FireSafetyIre\" \/>\n<meta name=\"twitter:label1\" content=\"Est. reading time\" \/>\n\t<meta name=\"twitter:data1\" content=\"2 minutes\" \/>\n<script type=\"application\/ld+json\" class=\"yoast-schema-graph\">{\"@context\":\"https:\\\/\\\/schema.org\",\"@graph\":[{\"@type\":\"WebPage\",\"@id\":\"https:\\\/\\\/www.fireireland.ie\\\/ga\\\/gairmeacha-i-gcursai-doiteain\\\/gairmeacha-mar-chomhraiceoir-doiteain-ar-coimead\\\/cuiseanna-le-bheith-i-do-chomhraiceoir-doiteain-ar-airithiocht\\\/\",\"url\":\"https:\\\/\\\/www.fireireland.ie\\\/ga\\\/gairmeacha-i-gcursai-doiteain\\\/gairmeacha-mar-chomhraiceoir-doiteain-ar-coimead\\\/cuiseanna-le-bheith-i-do-chomhraiceoir-doiteain-ar-airithiocht\\\/\",\"name\":\"C\u00faiseanna le bheith i do Chomhraiceoir D\u00f3ite\u00e1in ar \u00c1irith\u00edocht - Fire Ireland\",\"isPartOf\":{\"@id\":\"https:\\\/\\\/www.fireireland.ie\\\/ga\\\/#website\"},\"primaryImageOfPage\":{\"@id\":\"https:\\\/\\\/www.fireireland.ie\\\/ga\\\/gairmeacha-i-gcursai-doiteain\\\/gairmeacha-mar-chomhraiceoir-doiteain-ar-coimead\\\/cuiseanna-le-bheith-i-do-chomhraiceoir-doiteain-ar-airithiocht\\\/#primaryimage\"},\"image\":{\"@id\":\"https:\\\/\\\/www.fireireland.ie\\\/ga\\\/gairmeacha-i-gcursai-doiteain\\\/gairmeacha-mar-chomhraiceoir-doiteain-ar-coimead\\\/cuiseanna-le-bheith-i-do-chomhraiceoir-doiteain-ar-airithiocht\\\/#primaryimage\"},\"thumbnailUrl\":\"https:\\\/\\\/www.fireireland.ie\\\/wp-content\\\/uploads\\\/2023\\\/12\\\/30411808_1500020796792906_79927709505735.png\",\"datePublished\":\"2023-12-14T12:52:03+00:00\",\"dateModified\":\"2024-07-24T07:32:35+00:00\",\"breadcrumb\":{\"@id\":\"https:\\\/\\\/www.fireireland.ie\\\/ga\\\/gairmeacha-i-gcursai-doiteain\\\/gairmeacha-mar-chomhraiceoir-doiteain-ar-coimead\\\/cuiseanna-le-bheith-i-do-chomhraiceoir-doiteain-ar-airithiocht\\\/#breadcrumb\"},\"inLanguage\":\"ga-IE\",\"potentialAction\":[{\"@type\":\"ReadAction\",\"target\":[\"https:\\\/\\\/www.fireireland.ie\\\/ga\\\/gairmeacha-i-gcursai-doiteain\\\/gairmeacha-mar-chomhraiceoir-doiteain-ar-coimead\\\/cuiseanna-le-bheith-i-do-chomhraiceoir-doiteain-ar-airithiocht\\\/\"]}]},{\"@type\":\"ImageObject\",\"inLanguage\":\"ga-IE\",\"@id\":\"https:\\\/\\\/www.fireireland.ie\\\/ga\\\/gairmeacha-i-gcursai-doiteain\\\/gairmeacha-mar-chomhraiceoir-doiteain-ar-coimead\\\/cuiseanna-le-bheith-i-do-chomhraiceoir-doiteain-ar-airithiocht\\\/#primaryimage\",\"url\":\"https:\\\/\\\/www.fireireland.ie\\\/wp-content\\\/uploads\\\/2023\\\/12\\\/30411808_1500020796792906_79927709505735.png\",\"contentUrl\":\"https:\\\/\\\/www.fireireland.ie\\\/wp-content\\\/uploads\\\/2023\\\/12\\\/30411808_1500020796792906_79927709505735.png\"},{\"@type\":\"BreadcrumbList\",\"@id\":\"https:\\\/\\\/www.fireireland.ie\\\/ga\\\/gairmeacha-i-gcursai-doiteain\\\/gairmeacha-mar-chomhraiceoir-doiteain-ar-coimead\\\/cuiseanna-le-bheith-i-do-chomhraiceoir-doiteain-ar-airithiocht\\\/#breadcrumb\",\"itemListElement\":[{\"@type\":\"ListItem\",\"position\":1,\"name\":\"Home\",\"item\":\"https:\\\/\\\/www.fireireland.ie\\\/ga\\\/\"},{\"@type\":\"ListItem\",\"position\":2,\"name\":\"Gairmeacha i gC\u00farsa\u00ed D\u00f3ite\u00e1in\",\"item\":\"https:\\\/\\\/www.fireireland.ie\\\/ga\\\/gairmeacha-i-gcursai-doiteain\\\/\"},{\"@type\":\"ListItem\",\"position\":3,\"name\":\"Gairmeacha mar Chomhraiceoir D\u00f3ite\u00e1in ar \u00c1irith\u00edocht\",\"item\":\"https:\\\/\\\/www.fireireland.ie\\\/ga\\\/gairmeacha-i-gcursai-doiteain\\\/gairmeacha-mar-chomhraiceoir-doiteain-ar-coimead\\\/\"},{\"@type\":\"ListItem\",\"position\":4,\"name\":\"C\u00faiseanna le bheith i do Chomhraiceoir D\u00f3ite\u00e1in ar \u00c1irith\u00edocht\"}]},{\"@type\":\"WebSite\",\"@id\":\"https:\\\/\\\/www.fireireland.ie\\\/ga\\\/#website\",\"url\":\"https:\\\/\\\/www.fireireland.ie\\\/ga\\\/\",\"name\":\"Fire Ireland\",\"description\":\"\",\"publisher\":{\"@id\":\"https:\\\/\\\/www.fireireland.ie\\\/ga\\\/#organization\"},\"potentialAction\":[{\"@type\":\"SearchAction\",\"target\":{\"@type\":\"EntryPoint\",\"urlTemplate\":\"https:\\\/\\\/www.fireireland.ie\\\/ga\\\/?s={search_term_string}\"},\"query-input\":{\"@type\":\"PropertyValueSpecification\",\"valueRequired\":true,\"valueName\":\"search_term_string\"}}],\"inLanguage\":\"ga-IE\"},{\"@type\":\"Organization\",\"@id\":\"https:\\\/\\\/www.fireireland.ie\\\/ga\\\/#organization\",\"name\":\"Department of Housing, Local Government and Heritage\",\"url\":\"https:\\\/\\\/www.fireireland.ie\\\/ga\\\/\",\"logo\":{\"@type\":\"ImageObject\",\"inLanguage\":\"ga-IE\",\"@id\":\"https:\\\/\\\/www.fireireland.ie\\\/ga\\\/#\\\/schema\\\/logo\\\/image\\\/\",\"url\":\"https:\\\/\\\/cdn.fireireland.ie\\\/wp-content\\\/uploads\\\/2024\\\/02\\\/02094911\\\/fireireland-1.png\",\"contentUrl\":\"https:\\\/\\\/cdn.fireireland.ie\\\/wp-content\\\/uploads\\\/2024\\\/02\\\/02094911\\\/fireireland-1.png\",\"width\":261,\"height\":72,\"caption\":\"Department of Housing, Local Government and Heritage\"},\"image\":{\"@id\":\"https:\\\/\\\/www.fireireland.ie\\\/ga\\\/#\\\/schema\\\/logo\\\/image\\\/\"},\"sameAs\":[\"http:\\\/\\\/www.facebook.com\\\/IrishFireSafety\",\"https:\\\/\\\/x.com\\\/FireSafetyIre\",\"http:\\\/\\\/www.youtube.com\\\/user\\\/NDFEM\"]}]}<\/script>\n<!-- \/ Yoast SEO plugin. -->","yoast_head_json":{"title":"C\u00faiseanna le bheith i do Chomhraiceoir D\u00f3ite\u00e1in ar \u00c1irith\u00edocht - Fire Ireland","robots":{"index":"index","follow":"follow","max-snippet":"max-snippet:-1","max-image-preview":"max-image-preview:large","max-video-preview":"max-video-preview:-1"},"canonical":"https:\/\/www.fireireland.ie\/ga\/gairmeacha-i-gcursai-doiteain\/gairmeacha-mar-chomhraiceoir-doiteain-ar-coimead\/cuiseanna-le-bheith-i-do-chomhraiceoir-doiteain-ar-airithiocht\/","og_locale":"ga_IE","og_type":"article","og_title":"C\u00faiseanna le bheith i do Chomhraiceoir D\u00f3ite\u00e1in ar \u00c1irith\u00edocht - Fire Ireland","og_description":"C\u00e9n f\u00e1th a nd\u00e9anfainn? \u2013 C\u00c9N F\u00c1TH NACH ND\u00c9ANFAINN? Pinsean agus Sl\u00e1nd\u00e1il Sol\u00fabthacht Cuirfear Oili\u00faint Ioml\u00e1n ar f\u00e1il&#8211; A l\u00e1n scileanna inaistrithe Dul chun cinn Gairme &amp; Deiseanna Oibre Scileanna ar feadh an tSaoil T\u00e9igh i dteagmh\u00e1il le do Phobal f\u00e9in Taca\u00edocht &amp; Scagth\u00e1st\u00e1il Sl\u00e1inte","og_url":"https:\/\/www.fireireland.ie\/ga\/gairmeacha-i-gcursai-doiteain\/gairmeacha-mar-chomhraiceoir-doiteain-ar-coimead\/cuiseanna-le-bheith-i-do-chomhraiceoir-doiteain-ar-airithiocht\/","og_site_name":"Fire Ireland","article_publisher":"http:\/\/www.facebook.com\/IrishFireSafety","article_modified_time":"2024-07-24T07:32:35+00:00","og_image":[{"url":"https:\/\/www.fireireland.ie\/wp-content\/uploads\/2023\/12\/30411808_1500020796792906_79927709505735.png","type":"","width":"","height":""}],"twitter_card":"summary_large_image","twitter_site":"@FireSafetyIre","twitter_misc":{"Est. reading time":"2 minutes"},"schema":{"@context":"https:\/\/schema.org","@graph":[{"@type":"WebPage","@id":"https:\/\/www.fireireland.ie\/ga\/gairmeacha-i-gcursai-doiteain\/gairmeacha-mar-chomhraiceoir-doiteain-ar-coimead\/cuiseanna-le-bheith-i-do-chomhraiceoir-doiteain-ar-airithiocht\/","url":"https:\/\/www.fireireland.ie\/ga\/gairmeacha-i-gcursai-doiteain\/gairmeacha-mar-chomhraiceoir-doiteain-ar-coimead\/cuiseanna-le-bheith-i-do-chomhraiceoir-doiteain-ar-airithiocht\/","name":"C\u00faiseanna le bheith i do Chomhraiceoir D\u00f3ite\u00e1in ar \u00c1irith\u00edocht - Fire Ireland","isPartOf":{"@id":"https:\/\/www.fireireland.ie\/ga\/#website"},"primaryImageOfPage":{"@id":"https:\/\/www.fireireland.ie\/ga\/gairmeacha-i-gcursai-doiteain\/gairmeacha-mar-chomhraiceoir-doiteain-ar-coimead\/cuiseanna-le-bheith-i-do-chomhraiceoir-doiteain-ar-airithiocht\/#primaryimage"},"image":{"@id":"https:\/\/www.fireireland.ie\/ga\/gairmeacha-i-gcursai-doiteain\/gairmeacha-mar-chomhraiceoir-doiteain-ar-coimead\/cuiseanna-le-bheith-i-do-chomhraiceoir-doiteain-ar-airithiocht\/#primaryimage"},"thumbnailUrl":"https:\/\/www.fireireland.ie\/wp-content\/uploads\/2023\/12\/30411808_1500020796792906_79927709505735.png","datePublished":"2023-12-14T12:52:03+00:00","dateModified":"2024-07-24T07:32:35+00:00","breadcrumb":{"@id":"https:\/\/www.fireireland.ie\/ga\/gairmeacha-i-gcursai-doiteain\/gairmeacha-mar-chomhraiceoir-doiteain-ar-coimead\/cuiseanna-le-bheith-i-do-chomhraiceoir-doiteain-ar-airithiocht\/#breadcrumb"},"inLanguage":"ga-IE","potentialAction":[{"@type":"ReadAction","target":["https:\/\/www.fireireland.ie\/ga\/gairmeacha-i-gcursai-doiteain\/gairmeacha-mar-chomhraiceoir-doiteain-ar-coimead\/cuiseanna-le-bheith-i-do-chomhraiceoir-doiteain-ar-airithiocht\/"]}]},{"@type":"ImageObject","inLanguage":"ga-IE","@id":"https:\/\/www.fireireland.ie\/ga\/gairmeacha-i-gcursai-doiteain\/gairmeacha-mar-chomhraiceoir-doiteain-ar-coimead\/cuiseanna-le-bheith-i-do-chomhraiceoir-doiteain-ar-airithiocht\/#primaryimage","url":"https:\/\/www.fireireland.ie\/wp-content\/uploads\/2023\/12\/30411808_1500020796792906_79927709505735.png","contentUrl":"https:\/\/www.fireireland.ie\/wp-content\/uploads\/2023\/12\/30411808_1500020796792906_79927709505735.png"},{"@type":"BreadcrumbList","@id":"https:\/\/www.fireireland.ie\/ga\/gairmeacha-i-gcursai-doiteain\/gairmeacha-mar-chomhraiceoir-doiteain-ar-coimead\/cuiseanna-le-bheith-i-do-chomhraiceoir-doiteain-ar-airithiocht\/#breadcrumb","itemListElement":[{"@type":"ListItem","position":1,"name":"Home","item":"https:\/\/www.fireireland.ie\/ga\/"},{"@type":"ListItem","position":2,"name":"Gairmeacha i gC\u00farsa\u00ed D\u00f3ite\u00e1in","item":"https:\/\/www.fireireland.ie\/ga\/gairmeacha-i-gcursai-doiteain\/"},{"@type":"ListItem","position":3,"name":"Gairmeacha mar Chomhraiceoir D\u00f3ite\u00e1in ar \u00c1irith\u00edocht","item":"https:\/\/www.fireireland.ie\/ga\/gairmeacha-i-gcursai-doiteain\/gairmeacha-mar-chomhraiceoir-doiteain-ar-coimead\/"},{"@type":"ListItem","position":4,"name":"C\u00faiseanna le bheith i do Chomhraiceoir D\u00f3ite\u00e1in ar \u00c1irith\u00edocht"}]},{"@type":"WebSite","@id":"https:\/\/www.fireireland.ie\/ga\/#website","url":"https:\/\/www.fireireland.ie\/ga\/","name":"Fire Ireland","description":"","publisher":{"@id":"https:\/\/www.fireireland.ie\/ga\/#organization"},"potentialAction":[{"@type":"SearchAction","target":{"@type":"EntryPoint","urlTemplate":"https:\/\/www.fireireland.ie\/ga\/?s={search_term_string}"},"query-input":{"@type":"PropertyValueSpecification","valueRequired":true,"valueName":"search_term_string"}}],"inLanguage":"ga-IE"},{"@type":"Organization","@id":"https:\/\/www.fireireland.ie\/ga\/#organization","name":"Department of Housing, Local Government and Heritage","url":"https:\/\/www.fireireland.ie\/ga\/","logo":{"@type":"ImageObject","inLanguage":"ga-IE","@id":"https:\/\/www.fireireland.ie\/ga\/#\/schema\/logo\/image\/","url":"https:\/\/cdn.fireireland.ie\/wp-content\/uploads\/2024\/02\/02094911\/fireireland-1.png","contentUrl":"https:\/\/cdn.fireireland.ie\/wp-content\/uploads\/2024\/02\/02094911\/fireireland-1.png","width":261,"height":72,"caption":"Department of Housing, Local Government and Heritage"},"image":{"@id":"https:\/\/www.fireireland.ie\/ga\/#\/schema\/logo\/image\/"},"sameAs":["http:\/\/www.facebook.com\/IrishFireSafety","https:\/\/x.com\/FireSafetyIre","http:\/\/www.youtube.com\/user\/NDFEM"]}]}},"spectra_custom_meta":{"adv-header-id-meta":[""],"stick-header-meta":[""],"site-post-title":["disabled"],"theme-transparent-header-meta":[""],"site-content-style":["boxed"],"_wpml_media_duplicate":["1"],"_wpml_media_featured":["1"],"_top_nav_excluded":[""],"_cms_nav_minihome":[""],"_last_translation_edit_mode":["translation-editor"],"_wpml_word_count":["{\"total\":257,\"to_translate\":{\"en\":257}}"],"_oembed_f5f0aa4b6edda88108ad8e12dcb1f9dd":["<iframe title=\"Become a Hero in Your community - Clare County Council\" width=\"1200\" height=\"675\" src=\"https:\/\/www.youtube.com\/embed\/CsLGRMBkpL0?feature=oembed\" frameborder=\"0\" allow=\"accelerometer; autoplay; clipboard-write; encrypted-media; gyroscope; picture-in-picture; web-share\" allowfullscreen><\/iframe>"],"_oembed_time_f5f0aa4b6edda88108ad8e12dcb1f9dd":["1709214595"],"_oembed_22c2eb2d1fb87bef302a9a7220b53d29":["<iframe title=\"Become a Hero in Your community - Clare County Council\" width=\"500\" height=\"281\" src=\"https:\/\/www.youtube.com\/embed\/CsLGRMBkpL0?feature=oembed\" frameborder=\"0\" allow=\"accelerometer; autoplay; clipboard-write; encrypted-media; gyroscope; picture-in-picture; web-share\" allowfullscreen><\/iframe>"],"_oembed_time_22c2eb2d1fb87bef302a9a7220b53d29":["1709214760"],"_oembed_603df54a00a4d08c1eff9a4406eda218":["<iframe title=\"Become a Hero in Your community - Clare County Council\" width=\"500\" height=\"281\" src=\"https:\/\/www.youtube.com\/embed\/CsLGRMBkpL0?feature=oembed\" frameborder=\"0\" allow=\"accelerometer; autoplay; clipboard-write; encrypted-media; gyroscope; picture-in-picture; web-share\" referrerpolicy=\"strict-origin-when-cross-origin\" allowfullscreen><\/iframe>"],"_oembed_time_603df54a00a4d08c1eff9a4406eda218":["1712422222"],"amazonS3_cache":["a:3:{s:92:\"\/\/www.fireireland.ie\/wp-content\/uploads\/2023\/12\/30411808_1500020796792906_79927709505735.png\";a:2:{s:2:\"id\";i:61;s:11:\"source_type\";s:13:\"media-library\";}s:121:\"\/\/fi-cdn-live.s3.eu-west-1.amazonaws.com\/wp-content\/uploads\/2023\/12\/02094940\/30411808_1500020796792906_79927709505735.png\";a:2:{s:2:\"id\";i:61;s:11:\"source_type\";s:13:\"media-library\";}s:101:\"\/\/cdn.fireireland.ie\/wp-content\/uploads\/2023\/12\/02094940\/30411808_1500020796792906_79927709505735.png\";a:2:{s:2:\"id\";i:61;s:11:\"source_type\";s:13:\"media-library\";}}"],"_wp_page_template":[""],"_uagb_previous_block_counts":["a:90:{s:21:\"uagb\/advanced-heading\";i:0;s:15:\"uagb\/blockquote\";i:0;s:12:\"uagb\/buttons\";i:0;s:18:\"uagb\/buttons-child\";i:0;s:19:\"uagb\/call-to-action\";i:0;s:15:\"uagb\/cf7-styler\";i:0;s:11:\"uagb\/column\";i:0;s:12:\"uagb\/columns\";i:0;s:14:\"uagb\/container\";i:0;s:21:\"uagb\/content-timeline\";i:0;s:27:\"uagb\/content-timeline-child\";i:0;s:14:\"uagb\/countdown\";i:0;s:12:\"uagb\/counter\";i:0;s:8:\"uagb\/faq\";i:0;s:14:\"uagb\/faq-child\";i:0;s:10:\"uagb\/forms\";i:0;s:17:\"uagb\/forms-accept\";i:0;s:19:\"uagb\/forms-checkbox\";i:0;s:15:\"uagb\/forms-date\";i:0;s:16:\"uagb\/forms-email\";i:0;s:17:\"uagb\/forms-hidden\";i:0;s:15:\"uagb\/forms-name\";i:0;s:16:\"uagb\/forms-phone\";i:0;s:16:\"uagb\/forms-radio\";i:0;s:17:\"uagb\/forms-select\";i:0;s:19:\"uagb\/forms-textarea\";i:0;s:17:\"uagb\/forms-toggle\";i:0;s:14:\"uagb\/forms-url\";i:0;s:14:\"uagb\/gf-styler\";i:0;s:15:\"uagb\/google-map\";i:0;s:11:\"uagb\/how-to\";i:0;s:16:\"uagb\/how-to-step\";i:0;s:9:\"uagb\/icon\";i:0;s:14:\"uagb\/icon-list\";i:0;s:20:\"uagb\/icon-list-child\";i:0;s:10:\"uagb\/image\";i:0;s:18:\"uagb\/image-gallery\";i:0;s:13:\"uagb\/info-box\";i:0;s:18:\"uagb\/inline-notice\";i:0;s:11:\"uagb\/lottie\";i:0;s:21:\"uagb\/marketing-button\";i:0;s:10:\"uagb\/modal\";i:0;s:18:\"uagb\/popup-builder\";i:0;s:16:\"uagb\/post-button\";i:0;s:18:\"uagb\/post-carousel\";i:0;s:17:\"uagb\/post-excerpt\";i:0;s:14:\"uagb\/post-grid\";i:0;s:15:\"uagb\/post-image\";i:0;s:17:\"uagb\/post-masonry\";i:0;s:14:\"uagb\/post-meta\";i:0;s:18:\"uagb\/post-taxonomy\";i:0;s:18:\"uagb\/post-timeline\";i:0;s:15:\"uagb\/post-title\";i:0;s:20:\"uagb\/restaurant-menu\";i:0;s:26:\"uagb\/restaurant-menu-child\";i:0;s:11:\"uagb\/review\";i:0;s:12:\"uagb\/section\";i:0;s:14:\"uagb\/separator\";i:0;s:11:\"uagb\/slider\";i:0;s:17:\"uagb\/slider-child\";i:0;s:17:\"uagb\/social-share\";i:0;s:23:\"uagb\/social-share-child\";i:0;s:16:\"uagb\/star-rating\";i:0;s:23:\"uagb\/sure-cart-checkout\";i:0;s:22:\"uagb\/sure-cart-product\";i:0;s:15:\"uagb\/sure-forms\";i:0;s:22:\"uagb\/table-of-contents\";i:0;s:9:\"uagb\/tabs\";i:0;s:15:\"uagb\/tabs-child\";i:0;s:18:\"uagb\/taxonomy-list\";i:0;s:9:\"uagb\/team\";i:0;s:16:\"uagb\/testimonial\";i:0;s:14:\"uagb\/wp-search\";i:0;s:19:\"uagb\/instagram-feed\";i:0;s:10:\"uagb\/login\";i:0;s:17:\"uagb\/loop-builder\";i:0;s:18:\"uagb\/loop-category\";i:0;s:20:\"uagb\/loop-pagination\";i:0;s:15:\"uagb\/loop-reset\";i:0;s:16:\"uagb\/loop-search\";i:0;s:14:\"uagb\/loop-sort\";i:0;s:17:\"uagb\/loop-wrapper\";i:0;s:13:\"uagb\/register\";i:0;s:19:\"uagb\/register-email\";i:0;s:24:\"uagb\/register-first-name\";i:0;s:23:\"uagb\/register-last-name\";i:0;s:22:\"uagb\/register-password\";i:0;s:30:\"uagb\/register-reenter-password\";i:0;s:19:\"uagb\/register-terms\";i:0;s:22:\"uagb\/register-username\";i:0;}"],"_uag_page_assets":["a:9:{s:3:\"css\";s:0:\"\";s:2:\"js\";s:0:\"\";s:18:\"current_block_list\";a:19:{i:0;s:10:\"core\/cover\";i:1;s:10:\"core\/group\";i:2;s:12:\"core\/heading\";i:3;s:14:\"core\/paragraph\";i:4;s:11:\"core\/spacer\";i:5;s:14:\"core\/shortcode\";i:6;s:12:\"core\/columns\";i:7;s:11:\"core\/column\";i:8;s:10:\"core\/embed\";i:9;s:9:\"core\/list\";i:10;s:14:\"core\/list-item\";i:11;s:11:\"core\/search\";i:12;s:17:\"core\/latest-posts\";i:13;s:20:\"core\/latest-comments\";i:14;s:13:\"core\/archives\";i:15;s:15:\"core\/categories\";i:16;s:17:\"core\/social-links\";i:17;s:16:\"core\/social-link\";i:20;s:10:\"core\/image\";}s:8:\"uag_flag\";b:0;s:11:\"uag_version\";s:10:\"1777521650\";s:6:\"gfonts\";a:0:{}s:10:\"gfonts_url\";s:0:\"\";s:12:\"gfonts_files\";a:0:{}s:14:\"uag_faq_layout\";b:0;}"]},"uagb_featured_image_src":{"full":false,"thumbnail":false,"medium":false,"medium_large":false,"large":false,"1536x1536":false,"2048x2048":false,"gform-image-choice-sm":false,"gform-image-choice-md":false,"gform-image-choice-lg":false},"uagb_author_info":{"display_name":"Robert.Lockwood","author_link":"https:\/\/www.fireireland.ie\/ga\/author\/robert-lockwood\/"},"uagb_comment_info":0,"uagb_excerpt":"C\u00e9n f\u00e1th a nd\u00e9anfainn? \u2013 C\u00c9N F\u00c1TH NACH ND\u00c9ANFAINN? Pinsean agus Sl\u00e1nd\u00e1il Sol\u00fabthacht Cuirfear Oili\u00faint Ioml\u00e1n ar f\u00e1il&#8211; A l\u00e1n scileanna inaistrithe Dul chun cinn Gairme &amp; Deiseanna Oibre Scileanna ar feadh an tSaoil T\u00e9igh i dteagmh\u00e1il le do Phobal f\u00e9in Taca\u00edocht &amp; Scagth\u00e1st\u00e1il Sl\u00e1inte","_links":{"self":[{"href":"https:\/\/www.fireireland.ie\/ga\/wp-json\/wp\/v2\/pages\/1307","targetHints":{"allow":["GET"]}}],"collection":[{"href":"https:\/\/www.fireireland.ie\/ga\/wp-json\/wp\/v2\/pages"}],"about":[{"href":"https:\/\/www.fireireland.ie\/ga\/wp-json\/wp\/v2\/types\/page"}],"author":[{"embeddable":true,"href":"https:\/\/www.fireireland.ie\/ga\/wp-json\/wp\/v2\/users\/1"}],"replies":[{"embeddable":true,"href":"https:\/\/www.fireireland.ie\/ga\/wp-json\/wp\/v2\/comments?post=1307"}],"version-history":[{"count":2,"href":"https:\/\/www.fireireland.ie\/ga\/wp-json\/wp\/v2\/pages\/1307\/revisions"}],"predecessor-version":[{"id":2150,"href":"https:\/\/www.fireireland.ie\/ga\/wp-json\/wp\/v2\/pages\/1307\/revisions\/2150"}],"up":[{"embeddable":true,"href":"https:\/\/www.fireireland.ie\/ga\/wp-json\/wp\/v2\/pages\/1335"}],"wp:attachment":[{"href":"https:\/\/www.fireireland.ie\/ga\/wp-json\/wp\/v2\/media?parent=1307"}],"wp:term":[{"taxonomy":"category","embeddable":true,"href":"https:\/\/www.fireireland.ie\/ga\/wp-json\/wp\/v2\/categories?post=1307"},{"taxonomy":"post_tag","embeddable":true,"href":"https:\/\/www.fireireland.ie\/ga\/wp-json\/wp\/v2\/tags?post=1307"}],"curies":[{"name":"wp","href":"https:\/\/api.w.org\/{rel}","templated":true}]}}