
{"id":1309,"date":"2023-12-15T11:52:22","date_gmt":"2023-12-15T11:52:22","guid":{"rendered":"https:\/\/www.fireireland.ie\/buntaisti-dfhostaithe\/"},"modified":"2024-07-19T10:04:05","modified_gmt":"2024-07-19T09:04:05","slug":"buntaisti-dfhostaithe","status":"publish","type":"page","link":"https:\/\/www.fireireland.ie\/ga\/gairmeacha-i-gcursai-doiteain\/gairmeacha-mar-chomhraiceoir-doiteain-ar-coimead\/buntaisti-dfhostaithe\/","title":{"rendered":"Bunt\u00e1ist\u00ed d&#8217;Fhostaithe"},"content":{"rendered":"\n<div class=\"wp-block-cover alignfull is-light has-custom-content-position is-position-bottom-left\"><span aria-hidden=\"true\" class=\"wp-block-cover__background has-background-dim-0 has-background-dim\"><\/span><img loading=\"lazy\" decoding=\"async\" width=\"2560\" height=\"1920\" class=\"wp-block-cover__image-background wp-image-852\" alt=\"\" src=\"https:\/\/cdn.fireireland.ie\/wp-content\/uploads\/2024\/01\/02094918\/carlow-county-firefighter-scaled.jpg\" data-object-fit=\"cover\" srcset=\"https:\/\/cdn.fireireland.ie\/wp-content\/uploads\/2024\/01\/02094918\/carlow-county-firefighter-scaled.jpg 2560w, https:\/\/cdn.fireireland.ie\/wp-content\/uploads\/2024\/01\/02094918\/carlow-county-firefighter-300x225.jpg 300w, https:\/\/cdn.fireireland.ie\/wp-content\/uploads\/2024\/01\/02094918\/carlow-county-firefighter-1024x768.jpg 1024w, https:\/\/cdn.fireireland.ie\/wp-content\/uploads\/2024\/01\/02094918\/carlow-county-firefighter-768x576.jpg 768w, https:\/\/cdn.fireireland.ie\/wp-content\/uploads\/2024\/01\/02094918\/carlow-county-firefighter-1536x1152.jpg 1536w, https:\/\/cdn.fireireland.ie\/wp-content\/uploads\/2024\/01\/02094918\/carlow-county-firefighter-2048x1536.jpg 2048w\" sizes=\"auto, (max-width: 2560px) 100vw, 2560px\" \/><div class=\"wp-block-cover__inner-container is-layout-constrained wp-block-cover-is-layout-constrained\">\n<div class=\"wp-block-group is-layout-constrained wp-block-group-is-layout-constrained\">\n<h1 class=\"wp-block-heading has-text-align-left has-large-font-size\"><mark style=\"background-color:rgba(0, 0, 0, 0)\" class=\"has-inline-color has-ast-global-color-0-color\">Bunt\u00e1ist\u00ed<\/mark> d&#8217;Fhostaithe<\/h1>\n\n\n\n<p class=\"has-medium-font-size\">Na bunt\u00e1ist\u00ed a bhaineann le Comhraiceoir\u00ed D\u00f3ite\u00e1in ar \u00c1irith\u00edocht maidir le d&#8217;Eagra\u00edocht<\/p>\n<\/div>\n<\/div><\/div>\n\n<div style=\"height:25px\" aria-hidden=\"true\" class=\"wp-block-spacer\"><\/div>\n\n\t\t\t<!-- Flexy Breadcrumb -->\r\n\t\t\t<div class=\"fbc fbc-page\">\r\n\r\n\t\t\t\t<!-- Breadcrumb wrapper -->\r\n\t\t\t\t<div class=\"fbc-wrap\">\r\n\r\n\t\t\t\t\t<!-- Ordered list-->\r\n\t\t\t\t\t<ol class=\"fbc-items\" itemscope itemtype=\"https:\/\/schema.org\/BreadcrumbList\">\r\n\t\t\t\t\t\t            <li itemprop=\"itemListElement\" itemscope itemtype=\"https:\/\/schema.org\/ListItem\">\r\n                <span itemprop=\"name\">\r\n                    <!-- Home Link -->\r\n                    <a itemprop=\"item\" href=\"https:\/\/www.fireireland.ie\">\r\n                    \r\n                                                    <i class=\"fa fa-home\" aria-hidden=\"true\"><\/i>Home                    <\/a>\r\n                <\/span>\r\n                <meta itemprop=\"position\" content=\"1\" \/><!-- Meta Position-->\r\n             <\/li><li><span class=\"fbc-separator\">\/<\/span><\/li><li class=\"active\" itemprop=\"itemListElement\" itemscope itemtype=\"https:\/\/schema.org\/ListItem\"><span itemprop=\"name\" title=\"Bunt\u00e1ist\u00ed d&#8217;Fhostaithe\">Bunt\u00e1ist\u00ed d&#8217;Fhostaithe<\/span><meta itemprop=\"position\" content=\"2\" \/><\/li>\t\t\t\t\t<\/ol>\r\n\t\t\t\t\t<div class=\"clearfix\"><\/div>\r\n\t\t\t\t<\/div>\r\n\t\t\t<\/div>\r\n\t\t\t\n\n<div style=\"height:50px\" aria-hidden=\"true\" class=\"wp-block-spacer\"><\/div>\n\n<div class=\"wp-block-columns is-layout-flex wp-container-core-columns-is-layout-130aabec wp-block-columns-is-layout-flex\" style=\"margin-top:0;margin-bottom:0;padding-top:0;padding-bottom:0\">\n<div class=\"wp-block-column is-layout-flow wp-block-column-is-layout-flow\" style=\"flex-basis:25%\"><\/div>\n\n\n\n<div class=\"wp-block-column card-block is-layout-flow wp-block-column-is-layout-flow\">\n<div class=\"wp-block-group is-layout-constrained wp-block-group-is-layout-constrained\">\n<h2 class=\"wp-block-heading has-text-align-center has-medium-font-size\">C\u00e9 d\u00f3 \u00e9 seo? GACH DUINE<\/h2>\n\n\n\n<div class=\"wp-block-columns is-not-stacked-on-mobile is-layout-flex wp-container-core-columns-is-layout-9c22b1e3 wp-block-columns-is-layout-flex\">\n<div class=\"wp-block-column is-layout-flow wp-block-column-is-layout-flow\">\n<p class=\"has-text-align-center\"><strong>T\u00e1 an tseirbh\u00eds seo de dh\u00edth orainn go l\u00e9ir agus is f\u00e9idir linn go l\u00e9ir cuidi\u00fa a thabhairt<br\/>Is ar mhaithe len\u00e1r bpobal at\u00e1 s\u00e9<br\/>T\u00c1 DO CHUIDI\u00da DE DH\u00cdTH ORAINN<\/strong><\/p>\n<\/div>\n<\/div>\n<\/div>\n<\/div>\n\n\n\n<div class=\"wp-block-column is-layout-flow wp-block-column-is-layout-flow\" style=\"flex-basis:25%\"><\/div>\n<\/div>\n\n<div class=\"wp-block-columns alignwide is-layout-flex wp-container-core-columns-is-layout-f0342b05 wp-block-columns-is-layout-flex\" style=\"margin-top:0;margin-bottom:0\">\n<div class=\"wp-block-column hide-mobile is-layout-flow wp-block-column-is-layout-flow\">\n<figure class=\"wp-block-image size-large\"><img loading=\"lazy\" decoding=\"async\" width=\"530\" height=\"1024\" src=\"https:\/\/cdn.fireireland.ie\/wp-content\/uploads\/2024\/02\/02094911\/firefighter-lamberts-530x1024.jpg\" alt=\"Comhraiceoir D&#xF3;ite&#xE1;in\" class=\"wp-image-1106\" style=\"object-fit:cover\" srcset=\"https:\/\/cdn.fireireland.ie\/wp-content\/uploads\/2024\/02\/02094911\/firefighter-lamberts-530x1024.jpg 530w, https:\/\/cdn.fireireland.ie\/wp-content\/uploads\/2024\/02\/02094911\/firefighter-lamberts-155x300.jpg 155w, https:\/\/cdn.fireireland.ie\/wp-content\/uploads\/2024\/02\/02094911\/firefighter-lamberts.jpg 663w\" sizes=\"auto, (max-width: 530px) 100vw, 530px\" \/><\/figure>\n<\/div>\n\n\n\n<div class=\"wp-block-column is-layout-flow wp-block-column-is-layout-flow\">\n<div class=\"wp-block-group card-block has-background is-vertical is-layout-flex wp-container-core-group-is-layout-fe9cc265 wp-block-group-is-layout-flex\" style=\"background-color:#e7e7e7\">\n<h2 class=\"wp-block-heading has-medium-font-size\">C\u00e9n f\u00e1th?<\/h2>\n\n\n\n<ul class=\"wp-block-list\">\n<li><strong>Daoine Oilte<\/strong><\/li>\n\n\n\n<li><strong>Seirbh\u00eds Phobail Riachtanach<\/strong><\/li>\n\n\n\n<li><strong>Freagracht Sh\u00f3isialta<\/strong><\/li>\n<\/ul>\n<\/div>\n\n\n\n<div class=\"wp-block-group card-block has-background is-vertical is-layout-flex wp-container-core-group-is-layout-fe9cc265 wp-block-group-is-layout-flex\" style=\"background-color:#f5f5f5\">\n<h2 class=\"wp-block-heading has-medium-font-size\">Cinnteacht Phoist<\/h2>\n\n\n\n<ul class=\"wp-block-list\">\n<li>Tugann r\u00f3l seasta buan cinnteacht tionachta agus cuid\u00edonn s\u00e9 le cinnteacht a fh\u00e1il i r\u00f3il eile<\/li>\n<\/ul>\n<\/div>\n\n\n\n<div class=\"wp-block-group card-block has-background is-vertical is-layout-flex wp-container-core-group-is-layout-fe9cc265 wp-block-group-is-layout-flex\" style=\"background-color:#e7e7e7\">\n<h2 class=\"wp-block-heading has-medium-font-size\">Freagracht Sh\u00f3isialta Corpar\u00e1ide<\/h2>\n\n\n\n<ul class=\"wp-block-list\">\n<li>T\u00e1 r\u00f3l l\u00e1rnach ag Comhraiceoir\u00ed D\u00f3ite\u00e1in i bpobail \u00e1iti\u00fala. Cuid\u00edonn t\u00fa le do phobal f\u00e9in nuair a thaca\u00edonn t\u00fa leis an tseirbh\u00eds d\u00f3ite\u00e1in<\/li>\n\n\n\n<li>T\u00e1 freagracht sa phobal n\u00edos t\u00e1bhachta\u00ed anois n\u00e1 mar a bh\u00ed riamh<\/li>\n\n\n\n<li>PR maith \u2013 Is dea-sc\u00e9ala at\u00e1 i gceist leis seo. Cuir do ghn\u00f3 chun cinn sa phobal agus l\u00e9irigh taca\u00edocht do d&#8217;fhostaithe<\/li>\n<\/ul>\n<\/div>\n\n\n\n<div class=\"wp-block-group card-block has-background is-vertical is-layout-flex wp-container-core-group-is-layout-fe9cc265 wp-block-group-is-layout-flex\" style=\"background-color:#f5f5f5\">\n<h2 class=\"wp-block-heading has-medium-font-size\">Scileanna chun cuidi\u00fa le do ghn\u00f3<\/h2>\n\n\n\n<ul class=\"wp-block-list\">\n<li>Bainist\u00edocht \u00e9igeand\u00e1la<\/li>\n\n\n\n<li>Cosc D\u00f3ite\u00e1in<\/li>\n\n\n\n<li>Garchabhair agus C\u00e9ad Fhreagartha Chairdiach<\/li>\n\n\n\n<li>Plean\u00e1il R\u00e9amhtheagmh\u00e1is<\/li>\n\n\n\n<li>Oili\u00faint ar L\u00e1imhsi\u00fa S\u00e1bh\u00e1ilte<\/li>\n<\/ul>\n<\/div>\n<\/div>\n\n\n\n<div class=\"wp-block-column is-layout-flow wp-block-column-is-layout-flow\">\n<div class=\"wp-block-group card-block has-background is-vertical is-layout-flex wp-container-core-group-is-layout-fe9cc265 wp-block-group-is-layout-flex\" style=\"background-color:#f5f5f5\">\n<h2 class=\"wp-block-heading has-medium-font-size\">Scileanna ar feadh an tSaoil<\/h2>\n\n\n\n<ul class=\"wp-block-list\">\n<li>Obair Foirne<\/li>\n\n\n\n<li>Ceannaireacht<\/li>\n\n\n\n<li>Intinn gh\u00e9ar<\/li>\n\n\n\n<li>Tiomantas<\/li>\n\n\n\n<li>F\u00e9insmacht<\/li>\n\n\n\n<li>Acmhainneacht<\/li>\n<\/ul>\n<\/div>\n\n\n\n<div class=\"wp-block-group card-block has-background is-vertical is-layout-flex wp-container-core-group-is-layout-fe9cc265 wp-block-group-is-layout-flex\" style=\"background-color:#e7e7e7\">\n<h2 class=\"wp-block-heading has-medium-font-size\">Sol\u00fabthacht<\/h2>\n\n\n\n<ul class=\"wp-block-list\">\n<li>T\u00e1 seachtain saor ag Comhraiceoir\u00ed D\u00f3ite\u00e1in ar \u00c1irith\u00edocht anois do gach seachtain a mb\u00edonn siad ag obair<\/li>\n\n\n\n<li>N\u00ed fhreagra\u00edonn Comhraiceoir\u00ed D\u00f3ite\u00e1in ar \u00c1irith\u00edocht ach nuair a bh\u00edonn siad de dh\u00edth<\/li>\n<\/ul>\n<\/div>\n\n\n\n<div class=\"wp-block-group card-block has-background is-vertical is-layout-flex wp-container-core-group-is-layout-fe9cc265 wp-block-group-is-layout-flex\" style=\"background-color:#f5f5f5\">\n<h2 class=\"wp-block-heading has-medium-font-size\">Foireann Shl\u00e1inti\u00fail agus Taca\u00edocht acu<\/h2>\n\n\n\n<ul class=\"wp-block-list\">\n<li>C\u00faram Sl\u00e1inte, Sl\u00e1inte Cheirde agus Scagth\u00e1st\u00e1il Sl\u00e1inte i bhfeidhm<\/li>\n\n\n\n<li>T\u00e1 f\u00e1il ag gach ball ar thaca\u00edochta\u00ed s\u00edceola\u00edochta gairmi\u00fala<\/li>\n<\/ul>\n<\/div>\n\n\n\n<div class=\"wp-block-group card-block has-background is-vertical is-layout-flex wp-container-core-group-is-layout-fe9cc265 wp-block-group-is-layout-flex\" style=\"background-color:#e7e7e7\">\n<h2 class=\"wp-block-heading has-medium-font-size\">S\u00e1bh\u00e1ilteacht D\u00f3ite\u00e1in sa Phobal<\/h2>\n\n\n\n<ul class=\"wp-block-list\">\n<li>Cuireann Comhraiceoir\u00ed D\u00f3ite\u00e1in oideachas ar scoileanna agus ar phobail \u00e1iti\u00fala<\/li>\n\n\n\n<li>T\u00e1 fiontra\u00edochta\u00ed \u00e1iti\u00fail mar chuid den r\u00e9iteach maidir le s\u00e1bh\u00e1ilteacht d\u00f3ite\u00e1in<\/li>\n\n\n\n<li>Coinnigh do phobal f\u00e9in sl\u00e1n<\/li>\n\n\n\n<li>S\u00e1bh\u00e1ilteacht D\u00f3ite\u00e1in sa Phobal<\/li>\n<\/ul>\n<\/div>\n<\/div>\n\n\n\n<div class=\"wp-block-column hide-mobile is-layout-flow wp-block-column-is-layout-flow\">\n<figure class=\"wp-block-image size-large\"><img loading=\"lazy\" decoding=\"async\" width=\"530\" height=\"1024\" src=\"https:\/\/cdn.fireireland.ie\/wp-content\/uploads\/2024\/02\/02094909\/firefighter-tesco-fixed-width-530x1024.jpg\" alt=\"Comhraiceoir D&#xF3;ite&#xE1;in Tesco\" class=\"wp-image-1188\" style=\"object-fit:cover\" srcset=\"https:\/\/cdn.fireireland.ie\/wp-content\/uploads\/2024\/02\/02094909\/firefighter-tesco-fixed-width-530x1024.jpg 530w, https:\/\/cdn.fireireland.ie\/wp-content\/uploads\/2024\/02\/02094909\/firefighter-tesco-fixed-width-155x300.jpg 155w, https:\/\/cdn.fireireland.ie\/wp-content\/uploads\/2024\/02\/02094909\/firefighter-tesco-fixed-width.jpg 663w\" sizes=\"auto, (max-width: 530px) 100vw, 530px\" \/><\/figure>\n<\/div>\n<\/div>\n\n<div class=\"wp-block-columns is-layout-flex wp-container-core-columns-is-layout-130aabec wp-block-columns-is-layout-flex\" style=\"margin-top:0;margin-bottom:0;padding-top:0;padding-bottom:0\">\n<div class=\"wp-block-column is-layout-flow wp-block-column-is-layout-flow\" style=\"flex-basis:25%\"><\/div>\n\n\n\n<div class=\"wp-block-column card-block is-layout-flow wp-block-column-is-layout-flow\">\n<div class=\"wp-block-group is-layout-constrained wp-block-group-is-layout-constrained\">\n<h2 class=\"wp-block-heading has-text-align-center has-medium-font-size\">Cad is f\u00e9idir leat a dh\u00e9anamh?<\/h2>\n\n\n\n<div class=\"wp-block-columns is-not-stacked-on-mobile is-layout-flex wp-container-core-columns-is-layout-9c22b1e3 wp-block-columns-is-layout-flex\">\n<div class=\"wp-block-column is-layout-flow wp-block-column-is-layout-flow\">\n<ul class=\"wp-block-list\">\n<li>Cuir d\u2019fhostaithe ar an eolas faoi fheachtas earca\u00edochta at\u00e1 ar bun i do st\u00e1isi\u00fain d\u00f3ite\u00e1in \u00e1iti\u00fail<\/li>\n\n\n\n<li>Smaoinigh ar aon fhostaithe a d\u2019fh\u00e9adfadh a bheith i dteideal iarratas a dh\u00e9anamh ar na poist mar Chomhraiceoir\u00ed D\u00f3ite\u00e1in ar \u00c1irith\u00edocht agus d\u00e9an a n-iarratas a \u00e9asc\u00fa<\/li>\n\n\n\n<li>\u00c9asca\u00edocht a dh\u00e9anamh ar scaoileadh aon fhostaithe rath\u00fala nuair a iarrtar orthu d\u00e1 r\u00f3l mar Chomhraiceoir D\u00f3ite\u00e1in ar \u00c1irith\u00edocht<\/li>\n<\/ul>\n<\/div>\n<\/div>\n<\/div>\n<\/div>\n\n\n\n<div class=\"wp-block-column is-layout-flow wp-block-column-is-layout-flow\" style=\"flex-basis:25%\"><\/div>\n<\/div>\n\n<div style=\"height:75px\" aria-hidden=\"true\" class=\"wp-block-spacer\"><\/div>\n\n<h2 class=\"wp-block-heading\">Cad a deir \u00e1r bhFost\u00f3ir\u00ed reatha faoin\u00e1r gComhraiceoir\u00ed D\u00f3ite\u00e1in ar \u00c1irith\u00edocht a fhost\u00fa?<\/h2>\n\n<div class=\"wp-block-columns card-block is-layout-flex wp-container-core-columns-is-layout-e0e4babd wp-block-columns-is-layout-flex\" style=\"padding-right:0;padding-left:0\">\n<div class=\"wp-block-column is-layout-flow wp-block-column-is-layout-flow\">\n<div class=\"wp-block-columns is-layout-flex wp-container-core-columns-is-layout-28f84493 wp-block-columns-is-layout-flex\">\n<div class=\"wp-block-column is-layout-flow wp-block-column-is-layout-flow\">\n<figure class=\"wp-block-image size-full\"><img loading=\"lazy\" decoding=\"async\" width=\"522\" height=\"330\" src=\"https:\/\/cdn.fireireland.ie\/wp-content\/uploads\/2024\/01\/02094918\/autolaunch-limited.png\" alt=\"Eddie Hickey agus Comhraiceoir&#xED; D&#xF3;ite&#xE1;in Autolaunch\" class=\"wp-image-856\" style=\"aspect-ratio:3\/2;object-fit:cover\" srcset=\"https:\/\/cdn.fireireland.ie\/wp-content\/uploads\/2024\/01\/02094918\/autolaunch-limited.png 522w, https:\/\/cdn.fireireland.ie\/wp-content\/uploads\/2024\/01\/02094918\/autolaunch-limited-300x190.png 300w\" sizes=\"auto, (max-width: 522px) 100vw, 522px\" \/><\/figure>\n<\/div>\n\n\n\n<div class=\"wp-block-column is-layout-flow wp-block-column-is-layout-flow\">\n<h3 class=\"wp-block-heading\"><strong>Eddie Hickey Uasal Sti\u00farth\u00f3ir Bainist\u00edochta ag AutoLaunch Ltd. Muine Bheag:<\/strong><\/h3>\n\n\n\n<p class=\"has-medium-font-size\"><em><strong>\u201c<\/strong>An bunt\u00e1iste is m\u00f3 faoi Chomhraiceoir D\u00f3ite\u00e1in ar \u00c1irith\u00edocht a fhost\u00fa n\u00e1 \u00e1r dtaca\u00edocht don phobal ioml\u00e1n. <\/em><\/p>\n\n\n\n<p class=\"has-medium-font-size\"><em>Bunt\u00e1iste m\u00f3r eile n\u00e1 gairmithe seirbh\u00edse \u00e9igeand\u00e1la ardoilte a bheith againn ar an l\u00e1thair.<\/em><strong>\u201d<\/strong><\/p>\n<\/div>\n<\/div>\n<\/div>\n<\/div>\n\n<div class=\"wp-block-columns card-block is-layout-flex wp-container-core-columns-is-layout-e0e4babd wp-block-columns-is-layout-flex\" style=\"padding-right:0;padding-left:0\">\n<div class=\"wp-block-column is-layout-flow wp-block-column-is-layout-flow\">\n<div class=\"wp-block-columns is-layout-flex wp-container-core-columns-is-layout-28f84493 wp-block-columns-is-layout-flex\">\n<div class=\"wp-block-column is-layout-flow wp-block-column-is-layout-flow\">\n<figure class=\"wp-block-image size-full\"><img loading=\"lazy\" decoding=\"async\" width=\"2560\" height=\"1920\" src=\"https:\/\/cdn.fireireland.ie\/wp-content\/uploads\/2024\/02\/02094914\/Lamberts-Homevalue-scaled.jpg\" alt=\"Ray McGlynn agus Comhraiceoir D&#xF3;ite&#xE1;in Homevalue\" class=\"wp-image-947\" style=\"aspect-ratio:3\/2;object-fit:cover\" srcset=\"https:\/\/cdn.fireireland.ie\/wp-content\/uploads\/2024\/02\/02094914\/Lamberts-Homevalue-scaled.jpg 2560w, https:\/\/cdn.fireireland.ie\/wp-content\/uploads\/2024\/02\/02094914\/Lamberts-Homevalue-300x225.jpg 300w, https:\/\/cdn.fireireland.ie\/wp-content\/uploads\/2024\/02\/02094914\/Lamberts-Homevalue-1024x768.jpg 1024w, https:\/\/cdn.fireireland.ie\/wp-content\/uploads\/2024\/02\/02094914\/Lamberts-Homevalue-768x576.jpg 768w, https:\/\/cdn.fireireland.ie\/wp-content\/uploads\/2024\/02\/02094914\/Lamberts-Homevalue-1536x1152.jpg 1536w, https:\/\/cdn.fireireland.ie\/wp-content\/uploads\/2024\/02\/02094914\/Lamberts-Homevalue-2048x1536.jpg 2048w\" sizes=\"auto, (max-width: 2560px) 100vw, 2560px\" \/><\/figure>\n<\/div>\n\n\n\n<div class=\"wp-block-column is-layout-flow wp-block-column-is-layout-flow\">\n<h3 class=\"wp-block-heading\"><strong>Ray McGlynn Uasal, Sti\u00farth\u00f3ir Bainist\u00edochta ag Lamberts Homevalue, Baile Haic\u00e9id:<\/strong><\/h3>\n\n\n\n<p class=\"has-medium-font-size\"><em><strong>\u201c<\/strong>Agus muid ag feidhmi\u00fa mar Shiopa Crua-earra\u00ed \u00e1iti\u00fail, t\u00e1imid fr\u00e9amhaithe go maith sna pobail \u00e1iti\u00fala, is iad \u00e1r gcustaim\u00e9ir\u00ed iad agus braithimid orthu. Agus foireann againn anseo at\u00e1 mar chuid den tseirbh\u00eds d\u00f3ite\u00e1in a chuid\u00edonn le freastal ar na pobail seo agus iad a chosaint, is f\u00e9idir linn rud \u00e9igin a thabhairt ar ais, ag cuidi\u00fa leo si\u00fad a bhfuilimid ag brath orthu. D\u00e1 l\u00e1idre at\u00e1 \u00e1r bpobail \u00e1iti\u00fala, is l\u00e1idre at\u00e1 \u00e1r ngn\u00f3. Ina theannta sin, is dea-chleachtas \u00e9 baill foirne a bheith oilte i ngarchabhair agus i gc\u00e1sanna pr\u00e1innfhreagartha ar an l\u00e1thair in\u00e1r ngn\u00f3, agus t\u00e1 s\u00fail againn le c\u00fanamh D\u00e9, nach mbeidh na scileanna seo de dh\u00edth ach tugann s\u00e9 suaimhneas intinne d\u00fainn ag an am c\u00e9anna.<strong>\u201d<\/strong><\/em><\/p>\n<\/div>\n<\/div>\n<\/div>\n<\/div>\n\n<div class=\"wp-block-columns card-block is-layout-flex wp-container-core-columns-is-layout-e0e4babd wp-block-columns-is-layout-flex\" style=\"padding-right:0;padding-left:0\">\n<div class=\"wp-block-column is-layout-flow wp-block-column-is-layout-flow\">\n<div class=\"wp-block-columns is-layout-flex wp-container-core-columns-is-layout-28f84493 wp-block-columns-is-layout-flex\">\n<div class=\"wp-block-column is-layout-flow wp-block-column-is-layout-flow\">\n<figure class=\"wp-block-image size-full\"><img loading=\"lazy\" decoding=\"async\" width=\"1137\" height=\"1105\" src=\"https:\/\/cdn.fireireland.ie\/wp-content\/uploads\/2024\/02\/02094903\/nial-jordan-stoneworld-wide-e1708446345798.jpg\" alt=\"Niall Jordan agus Stoneworld\" class=\"wp-image-1241\" style=\"aspect-ratio:3\/2;object-fit:cover\" srcset=\"https:\/\/cdn.fireireland.ie\/wp-content\/uploads\/2024\/02\/02094903\/nial-jordan-stoneworld-wide-e1708446345798.jpg 1137w, https:\/\/cdn.fireireland.ie\/wp-content\/uploads\/2024\/02\/02094903\/nial-jordan-stoneworld-wide-300x259.jpg 300w, https:\/\/cdn.fireireland.ie\/wp-content\/uploads\/2024\/02\/02094903\/nial-jordan-stoneworld-wide-1024x884.jpg 1024w, https:\/\/cdn.fireireland.ie\/wp-content\/uploads\/2024\/02\/02094903\/nial-jordan-stoneworld-wide-768x663.jpg 768w\" sizes=\"auto, (max-width: 1137px) 100vw, 1137px\" \/><\/figure>\n<\/div>\n\n\n\n<div class=\"wp-block-column is-layout-flow wp-block-column-is-layout-flow\">\n<h3 class=\"wp-block-heading\"><strong>Niall Jordan Uasal ag Stoneworld, Muine Bheag:<\/strong><\/h3>\n\n\n\n<p class=\"has-medium-font-size\"><em><strong>\u201c<\/strong>I mo bhar\u00fail f\u00e9in, is \u00e9 an bunt\u00e1iste is m\u00f3 n\u00e1 go bhfuil Stoneworld ag d\u00e9anamh a dhualgais phoibl\u00ed maidir le h\u00e9asc\u00fa a dh\u00e9anamh ar fhosta\u00ed a dh\u00e9anann post an-t\u00e1bhachtach ar mhaithe le gach duine sa tsocha\u00ed.<strong>\u201d<\/strong><\/em><\/p>\n<\/div>\n<\/div>\n<\/div>\n<\/div>\n\n<div class=\"wp-block-columns card-block is-layout-flex wp-container-core-columns-is-layout-e0e4babd wp-block-columns-is-layout-flex\" style=\"padding-right:0;padding-left:0\">\n<div class=\"wp-block-column is-layout-flow wp-block-column-is-layout-flow\">\n<div class=\"wp-block-columns is-layout-flex wp-container-core-columns-is-layout-28f84493 wp-block-columns-is-layout-flex\">\n<div class=\"wp-block-column is-layout-flow wp-block-column-is-layout-flow\">\n<figure class=\"wp-block-image size-full\"><img loading=\"lazy\" decoding=\"async\" width=\"2560\" height=\"1920\" src=\"https:\/\/cdn.fireireland.ie\/wp-content\/uploads\/2024\/02\/02094910\/john-nolan-tesco-scaled.jpg\" alt=\"John Nolan - Tesco\" class=\"wp-image-1115\" style=\"aspect-ratio:3\/2;object-fit:cover\" srcset=\"https:\/\/cdn.fireireland.ie\/wp-content\/uploads\/2024\/02\/02094910\/john-nolan-tesco-scaled.jpg 2560w, https:\/\/cdn.fireireland.ie\/wp-content\/uploads\/2024\/02\/02094910\/john-nolan-tesco-300x225.jpg 300w, https:\/\/cdn.fireireland.ie\/wp-content\/uploads\/2024\/02\/02094910\/john-nolan-tesco-1024x768.jpg 1024w, https:\/\/cdn.fireireland.ie\/wp-content\/uploads\/2024\/02\/02094910\/john-nolan-tesco-768x576.jpg 768w, https:\/\/cdn.fireireland.ie\/wp-content\/uploads\/2024\/02\/02094910\/john-nolan-tesco-1536x1152.jpg 1536w, https:\/\/cdn.fireireland.ie\/wp-content\/uploads\/2024\/02\/02094910\/john-nolan-tesco-2048x1536.jpg 2048w\" sizes=\"auto, (max-width: 2560px) 100vw, 2560px\" \/><\/figure>\n<\/div>\n\n\n\n<div class=\"wp-block-column is-layout-flow wp-block-column-is-layout-flow\">\n<h3 class=\"wp-block-heading\"><strong>John Nolan Uasal Bainisteoir Ginear\u00e1lta Tesco, Ionad Siopad\u00f3ireachta FairGreen, Ceatharlach:<\/strong><\/h3>\n\n\n\n<p class=\"has-medium-font-size\"><em><strong>\u201c<\/strong>\u00d3 thaobh chomhlacht iln\u00e1isi\u00fanta, corpar\u00e1ide agus pobal de, is \u00e9 an rud ceart le d\u00e9anamh n\u00e1 Comhraiceoir D\u00f3ite\u00e1in ar \u00c1irith\u00edocht a fhost\u00fa. Cuireann Seirbh\u00eds D\u00f3ite\u00e1in &amp; Tarrth\u00e1la Cheatharlach a l\u00e1n oili\u00fana orthu, rud a chuid\u00edonn le m&#8217;fhoireann agus le mo chustaim\u00e9ir\u00ed in am \u00e9igeand\u00e1la. Buna\u00edonn na Comhraiceoir\u00ed D\u00f3ite\u00e1in ar \u00c1irith\u00edocht an cult\u00far maidir le Sl\u00e1inte &amp; S\u00e1bh\u00e1ilteacht sa siopa freisin agus is f\u00e9idir leo cuidi\u00fa le h\u00e9igeand\u00e1la\u00ed leighis chomh maith.<strong>\u201d<\/strong><\/em><\/p>\n<\/div>\n<\/div>\n<\/div>\n<\/div>\n","protected":false},"excerpt":{"rendered":"<p>C\u00e9 d\u00f3 \u00e9 seo? GACH DUINE T\u00e1 an tseirbh\u00eds seo de dh\u00edth orainn go l\u00e9ir agus is f\u00e9idir linn go l\u00e9ir cuidi\u00fa a thabhairtIs ar mhaithe len\u00e1r bpobal at\u00e1 s\u00e9T\u00c1 DO CHUIDI\u00da DE DH\u00cdTH ORAINN C\u00e9n f\u00e1th? Cinnteacht Phoist Freagracht Sh\u00f3isialta Corpar\u00e1ide Scileanna chun cuidi\u00fa le do ghn\u00f3 Scileanna ar feadh an tSaoil Sol\u00fabthacht Foireann [&hellip;]<\/p>\n","protected":false},"author":1,"featured_media":0,"parent":1335,"menu_order":0,"comment_status":"closed","ping_status":"closed","template":"","meta":{"_acf_changed":false,"_uag_custom_page_level_css":"","site-sidebar-layout":"default","site-content-layout":"","ast-site-content-layout":"default","site-content-style":"boxed","site-sidebar-style":"default","ast-global-header-display":"","ast-banner-title-visibility":"","ast-main-header-display":"","ast-hfb-above-header-display":"","ast-hfb-below-header-display":"","ast-hfb-mobile-header-display":"","site-post-title":"disabled","ast-breadcrumbs-content":"","ast-featured-img":"","footer-sml-layout":"","ast-disable-related-posts":"","theme-transparent-header-meta":"","adv-header-id-meta":"","stick-header-meta":"","header-above-stick-meta":"","header-main-stick-meta":"","header-below-stick-meta":"","astra-migrate-meta-layouts":"default","ast-page-background-enabled":"default","ast-page-background-meta":{"desktop":{"background-color":"var(--ast-global-color-4)","background-image":"","background-repeat":"repeat","background-position":"center center","background-size":"auto","background-attachment":"scroll","background-type":"","background-media":"","overlay-type":"","overlay-color":"","overlay-opacity":"","overlay-gradient":""},"tablet":{"background-color":"","background-image":"","background-repeat":"repeat","background-position":"center center","background-size":"auto","background-attachment":"scroll","background-type":"","background-media":"","overlay-type":"","overlay-color":"","overlay-opacity":"","overlay-gradient":""},"mobile":{"background-color":"","background-image":"","background-repeat":"repeat","background-position":"center center","background-size":"auto","background-attachment":"scroll","background-type":"","background-media":"","overlay-type":"","overlay-color":"","overlay-opacity":"","overlay-gradient":""}},"ast-content-background-meta":{"desktop":{"background-color":"var(--ast-global-color-5)","background-image":"","background-repeat":"repeat","background-position":"center center","background-size":"auto","background-attachment":"scroll","background-type":"","background-media":"","overlay-type":"","overlay-color":"","overlay-opacity":"","overlay-gradient":""},"tablet":{"background-color":"var(--ast-global-color-5)","background-image":"","background-repeat":"repeat","background-position":"center center","background-size":"auto","background-attachment":"scroll","background-type":"","background-media":"","overlay-type":"","overlay-color":"","overlay-opacity":"","overlay-gradient":""},"mobile":{"background-color":"var(--ast-global-color-5)","background-image":"","background-repeat":"repeat","background-position":"center center","background-size":"auto","background-attachment":"scroll","background-type":"","background-media":"","overlay-type":"","overlay-color":"","overlay-opacity":"","overlay-gradient":""}},"pgc_sgb_lightbox_settings":"","footnotes":""},"categories":[],"tags":[],"class_list":["post-1309","page","type-page","status-publish","hentry"],"acf":[],"yoast_head":"<!-- This site is optimized with the Yoast SEO plugin v27.5 - https:\/\/yoast.com\/product\/yoast-seo-wordpress\/ -->\n<title>Bunt\u00e1ist\u00ed d&#039;Fhostaithe - Fire Ireland<\/title>\n<meta name=\"robots\" content=\"index, follow, max-snippet:-1, max-image-preview:large, max-video-preview:-1\" \/>\n<link rel=\"canonical\" href=\"https:\/\/www.fireireland.ie\/ga\/gairmeacha-i-gcursai-doiteain\/gairmeacha-mar-chomhraiceoir-doiteain-ar-coimead\/buntaisti-dfhostaithe\/\" \/>\n<meta property=\"og:locale\" content=\"ga_IE\" \/>\n<meta property=\"og:type\" content=\"article\" \/>\n<meta property=\"og:title\" content=\"Bunt\u00e1ist\u00ed d&#039;Fhostaithe - Fire Ireland\" \/>\n<meta property=\"og:description\" content=\"C\u00e9 d\u00f3 \u00e9 seo? GACH DUINE T\u00e1 an tseirbh\u00eds seo de dh\u00edth orainn go l\u00e9ir agus is f\u00e9idir linn go l\u00e9ir cuidi\u00fa a thabhairtIs ar mhaithe len\u00e1r bpobal at\u00e1 s\u00e9T\u00c1 DO CHUIDI\u00da DE DH\u00cdTH ORAINN C\u00e9n f\u00e1th? Cinnteacht Phoist Freagracht Sh\u00f3isialta Corpar\u00e1ide Scileanna chun cuidi\u00fa le do ghn\u00f3 Scileanna ar feadh an tSaoil Sol\u00fabthacht Foireann [&hellip;]\" \/>\n<meta property=\"og:url\" content=\"https:\/\/www.fireireland.ie\/ga\/gairmeacha-i-gcursai-doiteain\/gairmeacha-mar-chomhraiceoir-doiteain-ar-coimead\/buntaisti-dfhostaithe\/\" \/>\n<meta property=\"og:site_name\" content=\"Fire Ireland\" \/>\n<meta property=\"article:publisher\" content=\"http:\/\/www.facebook.com\/IrishFireSafety\" \/>\n<meta property=\"article:modified_time\" content=\"2024-07-19T09:04:05+00:00\" \/>\n<meta property=\"og:image\" content=\"https:\/\/www.fireireland.ie\/wp-content\/uploads\/2024\/01\/carlow-county-firefighter-scaled.jpg\" \/>\n<meta name=\"twitter:card\" content=\"summary_large_image\" \/>\n<meta name=\"twitter:site\" content=\"@FireSafetyIre\" \/>\n<meta name=\"twitter:label1\" content=\"Est. reading time\" \/>\n\t<meta name=\"twitter:data1\" content=\"4 minutes\" \/>\n<script type=\"application\/ld+json\" class=\"yoast-schema-graph\">{\"@context\":\"https:\\\/\\\/schema.org\",\"@graph\":[{\"@type\":\"WebPage\",\"@id\":\"https:\\\/\\\/www.fireireland.ie\\\/ga\\\/gairmeacha-i-gcursai-doiteain\\\/gairmeacha-mar-chomhraiceoir-doiteain-ar-coimead\\\/buntaisti-dfhostaithe\\\/\",\"url\":\"https:\\\/\\\/www.fireireland.ie\\\/ga\\\/gairmeacha-i-gcursai-doiteain\\\/gairmeacha-mar-chomhraiceoir-doiteain-ar-coimead\\\/buntaisti-dfhostaithe\\\/\",\"name\":\"Bunt\u00e1ist\u00ed d'Fhostaithe - Fire Ireland\",\"isPartOf\":{\"@id\":\"https:\\\/\\\/www.fireireland.ie\\\/ga\\\/#website\"},\"primaryImageOfPage\":{\"@id\":\"https:\\\/\\\/www.fireireland.ie\\\/ga\\\/gairmeacha-i-gcursai-doiteain\\\/gairmeacha-mar-chomhraiceoir-doiteain-ar-coimead\\\/buntaisti-dfhostaithe\\\/#primaryimage\"},\"image\":{\"@id\":\"https:\\\/\\\/www.fireireland.ie\\\/ga\\\/gairmeacha-i-gcursai-doiteain\\\/gairmeacha-mar-chomhraiceoir-doiteain-ar-coimead\\\/buntaisti-dfhostaithe\\\/#primaryimage\"},\"thumbnailUrl\":\"https:\\\/\\\/www.fireireland.ie\\\/wp-content\\\/uploads\\\/2024\\\/01\\\/carlow-county-firefighter-scaled.jpg\",\"datePublished\":\"2023-12-15T11:52:22+00:00\",\"dateModified\":\"2024-07-19T09:04:05+00:00\",\"breadcrumb\":{\"@id\":\"https:\\\/\\\/www.fireireland.ie\\\/ga\\\/gairmeacha-i-gcursai-doiteain\\\/gairmeacha-mar-chomhraiceoir-doiteain-ar-coimead\\\/buntaisti-dfhostaithe\\\/#breadcrumb\"},\"inLanguage\":\"ga-IE\",\"potentialAction\":[{\"@type\":\"ReadAction\",\"target\":[\"https:\\\/\\\/www.fireireland.ie\\\/ga\\\/gairmeacha-i-gcursai-doiteain\\\/gairmeacha-mar-chomhraiceoir-doiteain-ar-coimead\\\/buntaisti-dfhostaithe\\\/\"]}]},{\"@type\":\"ImageObject\",\"inLanguage\":\"ga-IE\",\"@id\":\"https:\\\/\\\/www.fireireland.ie\\\/ga\\\/gairmeacha-i-gcursai-doiteain\\\/gairmeacha-mar-chomhraiceoir-doiteain-ar-coimead\\\/buntaisti-dfhostaithe\\\/#primaryimage\",\"url\":\"https:\\\/\\\/www.fireireland.ie\\\/wp-content\\\/uploads\\\/2024\\\/01\\\/carlow-county-firefighter-scaled.jpg\",\"contentUrl\":\"https:\\\/\\\/www.fireireland.ie\\\/wp-content\\\/uploads\\\/2024\\\/01\\\/carlow-county-firefighter-scaled.jpg\"},{\"@type\":\"BreadcrumbList\",\"@id\":\"https:\\\/\\\/www.fireireland.ie\\\/ga\\\/gairmeacha-i-gcursai-doiteain\\\/gairmeacha-mar-chomhraiceoir-doiteain-ar-coimead\\\/buntaisti-dfhostaithe\\\/#breadcrumb\",\"itemListElement\":[{\"@type\":\"ListItem\",\"position\":1,\"name\":\"Home\",\"item\":\"https:\\\/\\\/www.fireireland.ie\\\/ga\\\/\"},{\"@type\":\"ListItem\",\"position\":2,\"name\":\"Gairmeacha i gC\u00farsa\u00ed D\u00f3ite\u00e1in\",\"item\":\"https:\\\/\\\/www.fireireland.ie\\\/ga\\\/gairmeacha-i-gcursai-doiteain\\\/\"},{\"@type\":\"ListItem\",\"position\":3,\"name\":\"Gairmeacha mar Chomhraiceoir D\u00f3ite\u00e1in ar \u00c1irith\u00edocht\",\"item\":\"https:\\\/\\\/www.fireireland.ie\\\/ga\\\/gairmeacha-i-gcursai-doiteain\\\/gairmeacha-mar-chomhraiceoir-doiteain-ar-coimead\\\/\"},{\"@type\":\"ListItem\",\"position\":4,\"name\":\"Bunt\u00e1ist\u00ed d&#8217;Fhostaithe\"}]},{\"@type\":\"WebSite\",\"@id\":\"https:\\\/\\\/www.fireireland.ie\\\/ga\\\/#website\",\"url\":\"https:\\\/\\\/www.fireireland.ie\\\/ga\\\/\",\"name\":\"Fire Ireland\",\"description\":\"\",\"publisher\":{\"@id\":\"https:\\\/\\\/www.fireireland.ie\\\/ga\\\/#organization\"},\"potentialAction\":[{\"@type\":\"SearchAction\",\"target\":{\"@type\":\"EntryPoint\",\"urlTemplate\":\"https:\\\/\\\/www.fireireland.ie\\\/ga\\\/?s={search_term_string}\"},\"query-input\":{\"@type\":\"PropertyValueSpecification\",\"valueRequired\":true,\"valueName\":\"search_term_string\"}}],\"inLanguage\":\"ga-IE\"},{\"@type\":\"Organization\",\"@id\":\"https:\\\/\\\/www.fireireland.ie\\\/ga\\\/#organization\",\"name\":\"Department of Housing, Local Government and Heritage\",\"url\":\"https:\\\/\\\/www.fireireland.ie\\\/ga\\\/\",\"logo\":{\"@type\":\"ImageObject\",\"inLanguage\":\"ga-IE\",\"@id\":\"https:\\\/\\\/www.fireireland.ie\\\/ga\\\/#\\\/schema\\\/logo\\\/image\\\/\",\"url\":\"https:\\\/\\\/cdn.fireireland.ie\\\/wp-content\\\/uploads\\\/2024\\\/02\\\/02094911\\\/fireireland-1.png\",\"contentUrl\":\"https:\\\/\\\/cdn.fireireland.ie\\\/wp-content\\\/uploads\\\/2024\\\/02\\\/02094911\\\/fireireland-1.png\",\"width\":261,\"height\":72,\"caption\":\"Department of Housing, Local Government and Heritage\"},\"image\":{\"@id\":\"https:\\\/\\\/www.fireireland.ie\\\/ga\\\/#\\\/schema\\\/logo\\\/image\\\/\"},\"sameAs\":[\"http:\\\/\\\/www.facebook.com\\\/IrishFireSafety\",\"https:\\\/\\\/x.com\\\/FireSafetyIre\",\"http:\\\/\\\/www.youtube.com\\\/user\\\/NDFEM\"]}]}<\/script>\n<!-- \/ Yoast SEO plugin. -->","yoast_head_json":{"title":"Bunt\u00e1ist\u00ed d'Fhostaithe - Fire Ireland","robots":{"index":"index","follow":"follow","max-snippet":"max-snippet:-1","max-image-preview":"max-image-preview:large","max-video-preview":"max-video-preview:-1"},"canonical":"https:\/\/www.fireireland.ie\/ga\/gairmeacha-i-gcursai-doiteain\/gairmeacha-mar-chomhraiceoir-doiteain-ar-coimead\/buntaisti-dfhostaithe\/","og_locale":"ga_IE","og_type":"article","og_title":"Bunt\u00e1ist\u00ed d'Fhostaithe - Fire Ireland","og_description":"C\u00e9 d\u00f3 \u00e9 seo? GACH DUINE T\u00e1 an tseirbh\u00eds seo de dh\u00edth orainn go l\u00e9ir agus is f\u00e9idir linn go l\u00e9ir cuidi\u00fa a thabhairtIs ar mhaithe len\u00e1r bpobal at\u00e1 s\u00e9T\u00c1 DO CHUIDI\u00da DE DH\u00cdTH ORAINN C\u00e9n f\u00e1th? Cinnteacht Phoist Freagracht Sh\u00f3isialta Corpar\u00e1ide Scileanna chun cuidi\u00fa le do ghn\u00f3 Scileanna ar feadh an tSaoil Sol\u00fabthacht Foireann [&hellip;]","og_url":"https:\/\/www.fireireland.ie\/ga\/gairmeacha-i-gcursai-doiteain\/gairmeacha-mar-chomhraiceoir-doiteain-ar-coimead\/buntaisti-dfhostaithe\/","og_site_name":"Fire Ireland","article_publisher":"http:\/\/www.facebook.com\/IrishFireSafety","article_modified_time":"2024-07-19T09:04:05+00:00","og_image":[{"url":"https:\/\/www.fireireland.ie\/wp-content\/uploads\/2024\/01\/carlow-county-firefighter-scaled.jpg","type":"","width":"","height":""}],"twitter_card":"summary_large_image","twitter_site":"@FireSafetyIre","twitter_misc":{"Est. reading time":"4 minutes"},"schema":{"@context":"https:\/\/schema.org","@graph":[{"@type":"WebPage","@id":"https:\/\/www.fireireland.ie\/ga\/gairmeacha-i-gcursai-doiteain\/gairmeacha-mar-chomhraiceoir-doiteain-ar-coimead\/buntaisti-dfhostaithe\/","url":"https:\/\/www.fireireland.ie\/ga\/gairmeacha-i-gcursai-doiteain\/gairmeacha-mar-chomhraiceoir-doiteain-ar-coimead\/buntaisti-dfhostaithe\/","name":"Bunt\u00e1ist\u00ed d'Fhostaithe - Fire Ireland","isPartOf":{"@id":"https:\/\/www.fireireland.ie\/ga\/#website"},"primaryImageOfPage":{"@id":"https:\/\/www.fireireland.ie\/ga\/gairmeacha-i-gcursai-doiteain\/gairmeacha-mar-chomhraiceoir-doiteain-ar-coimead\/buntaisti-dfhostaithe\/#primaryimage"},"image":{"@id":"https:\/\/www.fireireland.ie\/ga\/gairmeacha-i-gcursai-doiteain\/gairmeacha-mar-chomhraiceoir-doiteain-ar-coimead\/buntaisti-dfhostaithe\/#primaryimage"},"thumbnailUrl":"https:\/\/www.fireireland.ie\/wp-content\/uploads\/2024\/01\/carlow-county-firefighter-scaled.jpg","datePublished":"2023-12-15T11:52:22+00:00","dateModified":"2024-07-19T09:04:05+00:00","breadcrumb":{"@id":"https:\/\/www.fireireland.ie\/ga\/gairmeacha-i-gcursai-doiteain\/gairmeacha-mar-chomhraiceoir-doiteain-ar-coimead\/buntaisti-dfhostaithe\/#breadcrumb"},"inLanguage":"ga-IE","potentialAction":[{"@type":"ReadAction","target":["https:\/\/www.fireireland.ie\/ga\/gairmeacha-i-gcursai-doiteain\/gairmeacha-mar-chomhraiceoir-doiteain-ar-coimead\/buntaisti-dfhostaithe\/"]}]},{"@type":"ImageObject","inLanguage":"ga-IE","@id":"https:\/\/www.fireireland.ie\/ga\/gairmeacha-i-gcursai-doiteain\/gairmeacha-mar-chomhraiceoir-doiteain-ar-coimead\/buntaisti-dfhostaithe\/#primaryimage","url":"https:\/\/www.fireireland.ie\/wp-content\/uploads\/2024\/01\/carlow-county-firefighter-scaled.jpg","contentUrl":"https:\/\/www.fireireland.ie\/wp-content\/uploads\/2024\/01\/carlow-county-firefighter-scaled.jpg"},{"@type":"BreadcrumbList","@id":"https:\/\/www.fireireland.ie\/ga\/gairmeacha-i-gcursai-doiteain\/gairmeacha-mar-chomhraiceoir-doiteain-ar-coimead\/buntaisti-dfhostaithe\/#breadcrumb","itemListElement":[{"@type":"ListItem","position":1,"name":"Home","item":"https:\/\/www.fireireland.ie\/ga\/"},{"@type":"ListItem","position":2,"name":"Gairmeacha i gC\u00farsa\u00ed D\u00f3ite\u00e1in","item":"https:\/\/www.fireireland.ie\/ga\/gairmeacha-i-gcursai-doiteain\/"},{"@type":"ListItem","position":3,"name":"Gairmeacha mar Chomhraiceoir D\u00f3ite\u00e1in ar \u00c1irith\u00edocht","item":"https:\/\/www.fireireland.ie\/ga\/gairmeacha-i-gcursai-doiteain\/gairmeacha-mar-chomhraiceoir-doiteain-ar-coimead\/"},{"@type":"ListItem","position":4,"name":"Bunt\u00e1ist\u00ed d&#8217;Fhostaithe"}]},{"@type":"WebSite","@id":"https:\/\/www.fireireland.ie\/ga\/#website","url":"https:\/\/www.fireireland.ie\/ga\/","name":"Fire Ireland","description":"","publisher":{"@id":"https:\/\/www.fireireland.ie\/ga\/#organization"},"potentialAction":[{"@type":"SearchAction","target":{"@type":"EntryPoint","urlTemplate":"https:\/\/www.fireireland.ie\/ga\/?s={search_term_string}"},"query-input":{"@type":"PropertyValueSpecification","valueRequired":true,"valueName":"search_term_string"}}],"inLanguage":"ga-IE"},{"@type":"Organization","@id":"https:\/\/www.fireireland.ie\/ga\/#organization","name":"Department of Housing, Local Government and Heritage","url":"https:\/\/www.fireireland.ie\/ga\/","logo":{"@type":"ImageObject","inLanguage":"ga-IE","@id":"https:\/\/www.fireireland.ie\/ga\/#\/schema\/logo\/image\/","url":"https:\/\/cdn.fireireland.ie\/wp-content\/uploads\/2024\/02\/02094911\/fireireland-1.png","contentUrl":"https:\/\/cdn.fireireland.ie\/wp-content\/uploads\/2024\/02\/02094911\/fireireland-1.png","width":261,"height":72,"caption":"Department of Housing, Local Government and Heritage"},"image":{"@id":"https:\/\/www.fireireland.ie\/ga\/#\/schema\/logo\/image\/"},"sameAs":["http:\/\/www.facebook.com\/IrishFireSafety","https:\/\/x.com\/FireSafetyIre","http:\/\/www.youtube.com\/user\/NDFEM"]}]}},"spectra_custom_meta":{"adv-header-id-meta":[""],"stick-header-meta":[""],"site-post-title":["disabled"],"theme-transparent-header-meta":[""],"site-content-style":["boxed"],"_wpml_media_duplicate":["1"],"_wpml_media_featured":["1"],"_top_nav_excluded":[""],"_cms_nav_minihome":[""],"_last_translation_edit_mode":["translation-editor"],"_wpml_word_count":["{\"total\":653,\"to_translate\":{\"en\":653}}"],"_wp_page_template":[""],"amazonS3_cache":["a:27:{s:84:\"\/\/www.fireireland.ie\/wp-content\/uploads\/2024\/01\/carlow-county-firefighter-scaled.jpg\";a:2:{s:2:\"id\";i:852;s:11:\"source_type\";s:13:\"media-library\";}s:113:\"\/\/fi-cdn-live.s3.eu-west-1.amazonaws.com\/wp-content\/uploads\/2024\/01\/02094918\/carlow-county-firefighter-scaled.jpg\";a:2:{s:2:\"id\";i:852;s:11:\"source_type\";s:13:\"media-library\";}s:72:\"\/\/www.fireireland.ie\/wp-content\/uploads\/2024\/02\/firefighter-lamberts.jpg\";a:2:{s:2:\"id\";i:1106;s:11:\"source_type\";s:13:\"media-library\";}s:81:\"\/\/www.fireireland.ie\/wp-content\/uploads\/2024\/02\/firefighter-lamberts-530x1024.jpg\";a:2:{s:2:\"id\";i:1106;s:11:\"source_type\";s:13:\"media-library\";}s:101:\"\/\/fi-cdn-live.s3.eu-west-1.amazonaws.com\/wp-content\/uploads\/2024\/02\/02094911\/firefighter-lamberts.jpg\";a:2:{s:2:\"id\";i:1106;s:11:\"source_type\";s:13:\"media-library\";}s:110:\"\/\/fi-cdn-live.s3.eu-west-1.amazonaws.com\/wp-content\/uploads\/2024\/02\/02094911\/firefighter-lamberts-530x1024.jpg\";a:2:{s:2:\"id\";i:1106;s:11:\"source_type\";s:13:\"media-library\";}s:81:\"\/\/www.fireireland.ie\/wp-content\/uploads\/2024\/02\/firefighter-tesco-fixed-width.jpg\";a:2:{s:2:\"id\";i:1188;s:11:\"source_type\";s:13:\"media-library\";}s:90:\"\/\/www.fireireland.ie\/wp-content\/uploads\/2024\/02\/firefighter-tesco-fixed-width-530x1024.jpg\";a:2:{s:2:\"id\";i:1188;s:11:\"source_type\";s:13:\"media-library\";}s:110:\"\/\/fi-cdn-live.s3.eu-west-1.amazonaws.com\/wp-content\/uploads\/2024\/02\/02094909\/firefighter-tesco-fixed-width.jpg\";a:2:{s:2:\"id\";i:1188;s:11:\"source_type\";s:13:\"media-library\";}s:119:\"\/\/fi-cdn-live.s3.eu-west-1.amazonaws.com\/wp-content\/uploads\/2024\/02\/02094909\/firefighter-tesco-fixed-width-530x1024.jpg\";a:2:{s:2:\"id\";i:1188;s:11:\"source_type\";s:13:\"media-library\";}s:70:\"\/\/www.fireireland.ie\/wp-content\/uploads\/2024\/01\/autolaunch-limited.png\";a:2:{s:2:\"id\";i:856;s:11:\"source_type\";s:13:\"media-library\";}s:99:\"\/\/fi-cdn-live.s3.eu-west-1.amazonaws.com\/wp-content\/uploads\/2024\/01\/02094918\/autolaunch-limited.png\";a:2:{s:2:\"id\";i:856;s:11:\"source_type\";s:13:\"media-library\";}s:77:\"\/\/www.fireireland.ie\/wp-content\/uploads\/2024\/02\/Lamberts-Homevalue-scaled.jpg\";a:2:{s:2:\"id\";i:947;s:11:\"source_type\";s:13:\"media-library\";}s:106:\"\/\/fi-cdn-live.s3.eu-west-1.amazonaws.com\/wp-content\/uploads\/2024\/02\/02094914\/Lamberts-Homevalue-scaled.jpg\";a:2:{s:2:\"id\";i:947;s:11:\"source_type\";s:13:\"media-library\";}s:94:\"\/\/www.fireireland.ie\/wp-content\/uploads\/2024\/02\/nial-jordan-stoneworld-wide-e1708446345798.jpg\";a:2:{s:2:\"id\";i:1241;s:11:\"source_type\";s:13:\"media-library\";}s:123:\"\/\/fi-cdn-live.s3.eu-west-1.amazonaws.com\/wp-content\/uploads\/2024\/02\/02094903\/nial-jordan-stoneworld-wide-e1708446345798.jpg\";a:2:{s:2:\"id\";i:1241;s:11:\"source_type\";s:13:\"media-library\";}s:75:\"\/\/www.fireireland.ie\/wp-content\/uploads\/2024\/02\/john-nolan-tesco-scaled.jpg\";a:2:{s:2:\"id\";i:1115;s:11:\"source_type\";s:13:\"media-library\";}s:104:\"\/\/fi-cdn-live.s3.eu-west-1.amazonaws.com\/wp-content\/uploads\/2024\/02\/02094910\/john-nolan-tesco-scaled.jpg\";a:2:{s:2:\"id\";i:1115;s:11:\"source_type\";s:13:\"media-library\";}s:93:\"\/\/cdn.fireireland.ie\/wp-content\/uploads\/2024\/01\/02094918\/carlow-county-firefighter-scaled.jpg\";a:2:{s:2:\"id\";i:852;s:11:\"source_type\";s:13:\"media-library\";}s:81:\"\/\/cdn.fireireland.ie\/wp-content\/uploads\/2024\/02\/02094911\/firefighter-lamberts.jpg\";a:2:{s:2:\"id\";i:1106;s:11:\"source_type\";s:13:\"media-library\";}s:90:\"\/\/cdn.fireireland.ie\/wp-content\/uploads\/2024\/02\/02094911\/firefighter-lamberts-530x1024.jpg\";a:2:{s:2:\"id\";i:1106;s:11:\"source_type\";s:13:\"media-library\";}s:90:\"\/\/cdn.fireireland.ie\/wp-content\/uploads\/2024\/02\/02094909\/firefighter-tesco-fixed-width.jpg\";a:2:{s:2:\"id\";i:1188;s:11:\"source_type\";s:13:\"media-library\";}s:99:\"\/\/cdn.fireireland.ie\/wp-content\/uploads\/2024\/02\/02094909\/firefighter-tesco-fixed-width-530x1024.jpg\";a:2:{s:2:\"id\";i:1188;s:11:\"source_type\";s:13:\"media-library\";}s:79:\"\/\/cdn.fireireland.ie\/wp-content\/uploads\/2024\/01\/02094918\/autolaunch-limited.png\";a:2:{s:2:\"id\";i:856;s:11:\"source_type\";s:13:\"media-library\";}s:86:\"\/\/cdn.fireireland.ie\/wp-content\/uploads\/2024\/02\/02094914\/Lamberts-Homevalue-scaled.jpg\";a:2:{s:2:\"id\";i:947;s:11:\"source_type\";s:13:\"media-library\";}s:103:\"\/\/cdn.fireireland.ie\/wp-content\/uploads\/2024\/02\/02094903\/nial-jordan-stoneworld-wide-e1708446345798.jpg\";a:2:{s:2:\"id\";i:1241;s:11:\"source_type\";s:13:\"media-library\";}s:84:\"\/\/cdn.fireireland.ie\/wp-content\/uploads\/2024\/02\/02094910\/john-nolan-tesco-scaled.jpg\";a:2:{s:2:\"id\";i:1115;s:11:\"source_type\";s:13:\"media-library\";}}"],"_uagb_previous_block_counts":["a:90:{s:21:\"uagb\/advanced-heading\";i:0;s:15:\"uagb\/blockquote\";i:0;s:12:\"uagb\/buttons\";i:0;s:18:\"uagb\/buttons-child\";i:0;s:19:\"uagb\/call-to-action\";i:0;s:15:\"uagb\/cf7-styler\";i:0;s:11:\"uagb\/column\";i:0;s:12:\"uagb\/columns\";i:0;s:14:\"uagb\/container\";i:0;s:21:\"uagb\/content-timeline\";i:0;s:27:\"uagb\/content-timeline-child\";i:0;s:14:\"uagb\/countdown\";i:0;s:12:\"uagb\/counter\";i:0;s:8:\"uagb\/faq\";i:0;s:14:\"uagb\/faq-child\";i:0;s:10:\"uagb\/forms\";i:0;s:17:\"uagb\/forms-accept\";i:0;s:19:\"uagb\/forms-checkbox\";i:0;s:15:\"uagb\/forms-date\";i:0;s:16:\"uagb\/forms-email\";i:0;s:17:\"uagb\/forms-hidden\";i:0;s:15:\"uagb\/forms-name\";i:0;s:16:\"uagb\/forms-phone\";i:0;s:16:\"uagb\/forms-radio\";i:0;s:17:\"uagb\/forms-select\";i:0;s:19:\"uagb\/forms-textarea\";i:0;s:17:\"uagb\/forms-toggle\";i:0;s:14:\"uagb\/forms-url\";i:0;s:14:\"uagb\/gf-styler\";i:0;s:15:\"uagb\/google-map\";i:0;s:11:\"uagb\/how-to\";i:0;s:16:\"uagb\/how-to-step\";i:0;s:9:\"uagb\/icon\";i:0;s:14:\"uagb\/icon-list\";i:0;s:20:\"uagb\/icon-list-child\";i:0;s:10:\"uagb\/image\";i:0;s:18:\"uagb\/image-gallery\";i:0;s:13:\"uagb\/info-box\";i:0;s:18:\"uagb\/inline-notice\";i:0;s:11:\"uagb\/lottie\";i:0;s:21:\"uagb\/marketing-button\";i:0;s:10:\"uagb\/modal\";i:0;s:18:\"uagb\/popup-builder\";i:0;s:16:\"uagb\/post-button\";i:0;s:18:\"uagb\/post-carousel\";i:0;s:17:\"uagb\/post-excerpt\";i:0;s:14:\"uagb\/post-grid\";i:0;s:15:\"uagb\/post-image\";i:0;s:17:\"uagb\/post-masonry\";i:0;s:14:\"uagb\/post-meta\";i:0;s:18:\"uagb\/post-taxonomy\";i:0;s:18:\"uagb\/post-timeline\";i:0;s:15:\"uagb\/post-title\";i:0;s:20:\"uagb\/restaurant-menu\";i:0;s:26:\"uagb\/restaurant-menu-child\";i:0;s:11:\"uagb\/review\";i:0;s:12:\"uagb\/section\";i:0;s:14:\"uagb\/separator\";i:0;s:11:\"uagb\/slider\";i:0;s:17:\"uagb\/slider-child\";i:0;s:17:\"uagb\/social-share\";i:0;s:23:\"uagb\/social-share-child\";i:0;s:16:\"uagb\/star-rating\";i:0;s:23:\"uagb\/sure-cart-checkout\";i:0;s:22:\"uagb\/sure-cart-product\";i:0;s:15:\"uagb\/sure-forms\";i:0;s:22:\"uagb\/table-of-contents\";i:0;s:9:\"uagb\/tabs\";i:0;s:15:\"uagb\/tabs-child\";i:0;s:18:\"uagb\/taxonomy-list\";i:0;s:9:\"uagb\/team\";i:0;s:16:\"uagb\/testimonial\";i:0;s:14:\"uagb\/wp-search\";i:0;s:19:\"uagb\/instagram-feed\";i:0;s:10:\"uagb\/login\";i:0;s:17:\"uagb\/loop-builder\";i:0;s:18:\"uagb\/loop-category\";i:0;s:20:\"uagb\/loop-pagination\";i:0;s:15:\"uagb\/loop-reset\";i:0;s:16:\"uagb\/loop-search\";i:0;s:14:\"uagb\/loop-sort\";i:0;s:17:\"uagb\/loop-wrapper\";i:0;s:13:\"uagb\/register\";i:0;s:19:\"uagb\/register-email\";i:0;s:24:\"uagb\/register-first-name\";i:0;s:23:\"uagb\/register-last-name\";i:0;s:22:\"uagb\/register-password\";i:0;s:30:\"uagb\/register-reenter-password\";i:0;s:19:\"uagb\/register-terms\";i:0;s:22:\"uagb\/register-username\";i:0;}"],"_uag_page_assets":["a:9:{s:3:\"css\";s:0:\"\";s:2:\"js\";s:0:\"\";s:18:\"current_block_list\";a:18:{i:0;s:10:\"core\/cover\";i:1;s:10:\"core\/group\";i:2;s:12:\"core\/heading\";i:3;s:14:\"core\/paragraph\";i:4;s:11:\"core\/spacer\";i:5;s:14:\"core\/shortcode\";i:6;s:12:\"core\/columns\";i:7;s:11:\"core\/column\";i:10;s:10:\"core\/image\";i:11;s:9:\"core\/list\";i:12;s:14:\"core\/list-item\";i:13;s:11:\"core\/search\";i:14;s:17:\"core\/latest-posts\";i:15;s:20:\"core\/latest-comments\";i:16;s:13:\"core\/archives\";i:17;s:15:\"core\/categories\";i:18;s:17:\"core\/social-links\";i:19;s:16:\"core\/social-link\";}s:8:\"uag_flag\";b:0;s:11:\"uag_version\";s:10:\"1777521650\";s:6:\"gfonts\";a:0:{}s:10:\"gfonts_url\";s:0:\"\";s:12:\"gfonts_files\";a:0:{}s:14:\"uag_faq_layout\";b:0;}"]},"uagb_featured_image_src":{"full":false,"thumbnail":false,"medium":false,"medium_large":false,"large":false,"1536x1536":false,"2048x2048":false,"gform-image-choice-sm":false,"gform-image-choice-md":false,"gform-image-choice-lg":false},"uagb_author_info":{"display_name":"Robert.Lockwood","author_link":"https:\/\/www.fireireland.ie\/ga\/author\/robert-lockwood\/"},"uagb_comment_info":0,"uagb_excerpt":"C\u00e9 d\u00f3 \u00e9 seo? GACH DUINE T\u00e1 an tseirbh\u00eds seo de dh\u00edth orainn go l\u00e9ir agus is f\u00e9idir linn go l\u00e9ir cuidi\u00fa a thabhairtIs ar mhaithe len\u00e1r bpobal at\u00e1 s\u00e9T\u00c1 DO CHUIDI\u00da DE DH\u00cdTH ORAINN C\u00e9n f\u00e1th? Cinnteacht Phoist Freagracht Sh\u00f3isialta Corpar\u00e1ide Scileanna chun cuidi\u00fa le do ghn\u00f3 Scileanna ar feadh an tSaoil Sol\u00fabthacht Foireann&hellip;","_links":{"self":[{"href":"https:\/\/www.fireireland.ie\/ga\/wp-json\/wp\/v2\/pages\/1309","targetHints":{"allow":["GET"]}}],"collection":[{"href":"https:\/\/www.fireireland.ie\/ga\/wp-json\/wp\/v2\/pages"}],"about":[{"href":"https:\/\/www.fireireland.ie\/ga\/wp-json\/wp\/v2\/types\/page"}],"author":[{"embeddable":true,"href":"https:\/\/www.fireireland.ie\/ga\/wp-json\/wp\/v2\/users\/1"}],"replies":[{"embeddable":true,"href":"https:\/\/www.fireireland.ie\/ga\/wp-json\/wp\/v2\/comments?post=1309"}],"version-history":[{"count":9,"href":"https:\/\/www.fireireland.ie\/ga\/wp-json\/wp\/v2\/pages\/1309\/revisions"}],"predecessor-version":[{"id":2137,"href":"https:\/\/www.fireireland.ie\/ga\/wp-json\/wp\/v2\/pages\/1309\/revisions\/2137"}],"up":[{"embeddable":true,"href":"https:\/\/www.fireireland.ie\/ga\/wp-json\/wp\/v2\/pages\/1335"}],"wp:attachment":[{"href":"https:\/\/www.fireireland.ie\/ga\/wp-json\/wp\/v2\/media?parent=1309"}],"wp:term":[{"taxonomy":"category","embeddable":true,"href":"https:\/\/www.fireireland.ie\/ga\/wp-json\/wp\/v2\/categories?post=1309"},{"taxonomy":"post_tag","embeddable":true,"href":"https:\/\/www.fireireland.ie\/ga\/wp-json\/wp\/v2\/tags?post=1309"}],"curies":[{"name":"wp","href":"https:\/\/api.w.org\/{rel}","templated":true}]}}