
{"id":1898,"date":"2024-04-05T13:40:13","date_gmt":"2024-04-05T12:40:13","guid":{"rendered":"https:\/\/www.fireireland.ie\/cuinne-na-leanai\/ag-cur-in-aithne-rua\/"},"modified":"2024-07-19T10:20:37","modified_gmt":"2024-07-19T09:20:37","slug":"ag-cur-in-aithne-rua","status":"publish","type":"page","link":"https:\/\/www.fireireland.ie\/ga\/cuinne-na-leanai\/ag-cur-in-aithne-rua\/","title":{"rendered":"Ag cur in Aithne Rua"},"content":{"rendered":"\n<div class=\"wp-block-cover alignfull is-light has-custom-content-position is-position-bottom-left\"><span aria-hidden=\"true\" class=\"wp-block-cover__background has-background-dim-0 has-background-dim\"><\/span><img loading=\"lazy\" decoding=\"async\" width=\"1262\" height=\"487\" src=\"https:\/\/cdn.fireireland.ie\/wp-content\/uploads\/2024\/05\/29153106\/Rua-Banner-Inset.png\" class=\"wp-block-cover__image-background wp-post-image\" alt=\"Rua pointing left\" data-object-fit=\"cover\" data-object-position=\"86% 27%\" style=\"object-position:86% 27%;\" srcset=\"https:\/\/cdn.fireireland.ie\/wp-content\/uploads\/2024\/05\/29153106\/Rua-Banner-Inset.png 1262w, https:\/\/cdn.fireireland.ie\/wp-content\/uploads\/2024\/05\/29153106\/Rua-Banner-Inset-300x116.png 300w, https:\/\/cdn.fireireland.ie\/wp-content\/uploads\/2024\/05\/29153106\/Rua-Banner-Inset-1024x395.png 1024w, https:\/\/cdn.fireireland.ie\/wp-content\/uploads\/2024\/05\/29153106\/Rua-Banner-Inset-768x296.png 768w\" sizes=\"auto, (max-width: 1262px) 100vw, 1262px\" \/><div class=\"wp-block-cover__inner-container is-layout-constrained wp-block-cover-is-layout-constrained\">\n<div class=\"wp-block-group is-layout-constrained wp-block-group-is-layout-constrained\">\n<h1 class=\"wp-block-heading has-text-align-right has-large-font-size\"><mark style=\"background-color:rgba(0, 0, 0, 0)\" class=\"has-inline-color has-ast-global-color-0-color\">Ag cur in Aithne<\/mark> Rua<\/h1>\n<\/div>\n<\/div><\/div>\n\n<div style=\"height:25px\" aria-hidden=\"true\" class=\"wp-block-spacer\"><\/div>\n\n\t\t\t<!-- Flexy Breadcrumb -->\r\n\t\t\t<div class=\"fbc fbc-page\">\r\n\r\n\t\t\t\t<!-- Breadcrumb wrapper -->\r\n\t\t\t\t<div class=\"fbc-wrap\">\r\n\r\n\t\t\t\t\t<!-- Ordered list-->\r\n\t\t\t\t\t<ol class=\"fbc-items\" itemscope itemtype=\"https:\/\/schema.org\/BreadcrumbList\">\r\n\t\t\t\t\t\t            <li itemprop=\"itemListElement\" itemscope itemtype=\"https:\/\/schema.org\/ListItem\">\r\n                <span itemprop=\"name\">\r\n                    <!-- Home Link -->\r\n                    <a itemprop=\"item\" href=\"https:\/\/www.fireireland.ie\">\r\n                    \r\n                                                    <i class=\"fa fa-home\" aria-hidden=\"true\"><\/i>Home                    <\/a>\r\n                <\/span>\r\n                <meta itemprop=\"position\" content=\"1\" \/><!-- Meta Position-->\r\n             <\/li><li><span class=\"fbc-separator\">\/<\/span><\/li><li class=\"active\" itemprop=\"itemListElement\" itemscope itemtype=\"https:\/\/schema.org\/ListItem\"><span itemprop=\"name\" title=\"Ag cur in Aithne Rua\">Ag cur in Aithne Rua<\/span><meta itemprop=\"position\" content=\"2\" \/><\/li>\t\t\t\t\t<\/ol>\r\n\t\t\t\t\t<div class=\"clearfix\"><\/div>\r\n\t\t\t\t<\/div>\r\n\t\t\t<\/div>\r\n\t\t\t\n\n<div style=\"height:50px\" aria-hidden=\"true\" class=\"wp-block-spacer\"><\/div>\n\n<div class=\"wp-block-columns is-layout-flex wp-container-core-columns-is-layout-e0e4babd wp-block-columns-is-layout-flex\" style=\"padding-right:0;padding-left:0\">\n<div class=\"wp-block-column speech-bubble pright acenter is-layout-flow wp-block-column-is-layout-flow\">\n<p class=\"font-bubblegum has-text-color has-link-color has-large-font-size wp-elements-3aab90d8f18d700d30de2feb881eafd4\" style=\"color:#d2232a;padding-top:var(--wp--preset--spacing--40);padding-right:0;padding-bottom:var(--wp--preset--spacing--40);padding-left:0;font-style:normal;font-weight:700\">Haigh!<\/p>\n\n\n\n<p class=\"has-ast-global-color-0-color has-text-color has-link-color has-medium-font-size wp-elements-b8933e4b38221736d04a23f388973ef9\">Is mise Rua an C\u00fa D\u00f3ite\u00e1in, oibr\u00edm sa Sti\u00farth\u00f3ireacht N\u00e1isi\u00fanta um Bainist\u00edocht D\u00f3ite\u00e1in agus \u00c9igeand\u00e1la (SNBDE). Cabhra\u00edmid leis na comhraiceoir\u00ed d\u00f3ite\u00e1in f\u00edorchr\u00f3ga ar fud na t\u00edre chun sibh f\u00e9in agus bhur dteaghlaigh a choinne\u00e1il sl\u00e1n!<\/p>\n\n\n\n<p class=\"has-ast-global-color-0-color has-text-color has-link-color has-medium-font-size wp-elements-7d8d041e73428437b6ff6592b3b199e9\">Iarr ar do thuismitheoir\u00ed n\u00f3 caomhn\u00f3ir\u00ed agus b&#8217;fh\u00e9idir go gcuimhneoidh siad orm.<\/p>\n\n\n\n<p class=\"has-ast-global-color-0-color has-text-color has-link-color has-medium-font-size wp-elements-22d38d2e7f66b133b1ef537b1d62a815\">Is \u00e9 an post at\u00e1 agam n\u00e1 cabhr\u00fa leat a thuiscint c\u00e9n f\u00e1th a bhfuil s\u00e1bh\u00e1ilteacht sa bhaile chomh t\u00e1bhachtach agus th\u00fa a choinne\u00e1il sl\u00e1n cib\u00e9 \u00e1it a dt\u00e9ann t\u00fa!<\/p>\n\n\n\n<p class=\"has-ast-global-color-0-color has-text-color has-link-color has-medium-font-size wp-elements-c583cb6bd2e0446c90460bc97cb8113f\">Coinn\u00edonn eolas faoi sh\u00e1bh\u00e1ilteacht d\u00f3ite\u00e1in do theaghlach agus do chairde s\u00e1bh\u00e1ilte.<\/p>\n\n\n\n<p class=\"has-ast-global-color-0-color has-text-color has-link-color has-medium-font-size wp-elements-30d0a4ae47e3bb7679fbe4a8242012c2\">N\u00e1 Tabhair aon Seans do Thine!<\/p>\n<\/div>\n\n\n\n<div class=\"wp-block-column is-layout-flow wp-block-column-is-layout-flow\">\n<figure class=\"wp-block-image aligncenter size-full\"><img loading=\"lazy\" decoding=\"async\" width=\"1392\" height=\"1942\" src=\"https:\/\/cdn.fireireland.ie\/wp-content\/uploads\/2024\/04\/02094844\/RUA_Front.png\" alt=\"\" class=\"wp-image-1997\" style=\"object-fit:cover\" srcset=\"https:\/\/cdn.fireireland.ie\/wp-content\/uploads\/2024\/04\/02094844\/RUA_Front.png 1392w, https:\/\/cdn.fireireland.ie\/wp-content\/uploads\/2024\/04\/02094844\/RUA_Front-215x300.png 215w, https:\/\/cdn.fireireland.ie\/wp-content\/uploads\/2024\/04\/02094844\/RUA_Front-734x1024.png 734w, https:\/\/cdn.fireireland.ie\/wp-content\/uploads\/2024\/04\/02094844\/RUA_Front-768x1071.png 768w, https:\/\/cdn.fireireland.ie\/wp-content\/uploads\/2024\/04\/02094844\/RUA_Front-1101x1536.png 1101w\" sizes=\"auto, (max-width: 1392px) 100vw, 1392px\" \/><\/figure>\n<\/div>\n<\/div>\n\n<div class=\"wp-block-columns speech-bubble ptop acenter is-layout-flex wp-container-core-columns-is-layout-580445b5 wp-block-columns-is-layout-flex\" style=\"padding-top:0;padding-right:0;padding-left:0\">\n<div class=\"wp-block-column is-layout-flow wp-block-column-is-layout-flow\" style=\"padding-top:var(--wp--preset--spacing--50);padding-right:var(--wp--preset--spacing--50);padding-bottom:var(--wp--preset--spacing--50);padding-left:var(--wp--preset--spacing--50);flex-basis:60%\">\n<p class=\"font-bubblegum has-text-color has-link-color has-large-font-size wp-elements-a9d56c31452ff5d44dc7d0d7741fafc4\" style=\"color:#d2232a;padding-top:var(--wp--preset--spacing--40);padding-right:0;padding-bottom:var(--wp--preset--spacing--40);padding-left:0;font-style:normal;font-weight:700\">Bhuf Bhuf!!<\/p>\n<\/div>\n\n\n\n<div class=\"wp-block-column is-vertically-aligned-bottom is-layout-flow wp-block-column-is-layout-flow\">\n<figure class=\"wp-block-image aligncenter size-full\"><img loading=\"lazy\" decoding=\"async\" width=\"147\" height=\"159\" src=\"https:\/\/cdn.fireireland.ie\/wp-content\/uploads\/2024\/04\/02094857\/Woof-Woof.png\" alt=\"Lapa\" class=\"wp-image-1603\"\/><\/figure>\n<\/div>\n<\/div>\n","protected":false},"excerpt":{"rendered":"<p>Haigh! Is mise Rua an C\u00fa D\u00f3ite\u00e1in, oibr\u00edm sa Sti\u00farth\u00f3ireacht N\u00e1isi\u00fanta um Bainist\u00edocht D\u00f3ite\u00e1in agus \u00c9igeand\u00e1la (SNBDE). Cabhra\u00edmid leis na comhraiceoir\u00ed d\u00f3ite\u00e1in f\u00edorchr\u00f3ga ar fud na t\u00edre chun sibh f\u00e9in agus bhur dteaghlaigh a choinne\u00e1il sl\u00e1n! Iarr ar do thuismitheoir\u00ed n\u00f3 caomhn\u00f3ir\u00ed agus b&#8217;fh\u00e9idir go gcuimhneoidh siad orm. Is \u00e9 an post at\u00e1 agam n\u00e1 [&hellip;]<\/p>\n","protected":false},"author":1,"featured_media":2050,"parent":585,"menu_order":0,"comment_status":"closed","ping_status":"closed","template":"","meta":{"_acf_changed":false,"_uag_custom_page_level_css":"","site-sidebar-layout":"default","site-content-layout":"","ast-site-content-layout":"default","site-content-style":"boxed","site-sidebar-style":"default","ast-global-header-display":"","ast-banner-title-visibility":"","ast-main-header-display":"","ast-hfb-above-header-display":"","ast-hfb-below-header-display":"","ast-hfb-mobile-header-display":"","site-post-title":"disabled","ast-breadcrumbs-content":"","ast-featured-img":"","footer-sml-layout":"","ast-disable-related-posts":"","theme-transparent-header-meta":"","adv-header-id-meta":"","stick-header-meta":"","header-above-stick-meta":"","header-main-stick-meta":"","header-below-stick-meta":"","astra-migrate-meta-layouts":"default","ast-page-background-enabled":"default","ast-page-background-meta":{"desktop":{"background-color":"var(--ast-global-color-4)","background-image":"","background-repeat":"repeat","background-position":"center center","background-size":"auto","background-attachment":"scroll","background-type":"","background-media":"","overlay-type":"","overlay-color":"","overlay-opacity":"","overlay-gradient":""},"tablet":{"background-color":"","background-image":"","background-repeat":"repeat","background-position":"center center","background-size":"auto","background-attachment":"scroll","background-type":"","background-media":"","overlay-type":"","overlay-color":"","overlay-opacity":"","overlay-gradient":""},"mobile":{"background-color":"","background-image":"","background-repeat":"repeat","background-position":"center center","background-size":"auto","background-attachment":"scroll","background-type":"","background-media":"","overlay-type":"","overlay-color":"","overlay-opacity":"","overlay-gradient":""}},"ast-content-background-meta":{"desktop":{"background-color":"var(--ast-global-color-5)","background-image":"","background-repeat":"repeat","background-position":"center center","background-size":"auto","background-attachment":"scroll","background-type":"","background-media":"","overlay-type":"","overlay-color":"","overlay-opacity":"","overlay-gradient":""},"tablet":{"background-color":"var(--ast-global-color-5)","background-image":"","background-repeat":"repeat","background-position":"center center","background-size":"auto","background-attachment":"scroll","background-type":"","background-media":"","overlay-type":"","overlay-color":"","overlay-opacity":"","overlay-gradient":""},"mobile":{"background-color":"var(--ast-global-color-5)","background-image":"","background-repeat":"repeat","background-position":"center center","background-size":"auto","background-attachment":"scroll","background-type":"","background-media":"","overlay-type":"","overlay-color":"","overlay-opacity":"","overlay-gradient":""}},"pgc_sgb_lightbox_settings":"","footnotes":""},"categories":[],"tags":[],"class_list":["post-1898","page","type-page","status-publish","has-post-thumbnail","hentry"],"acf":[],"yoast_head":"<!-- This site is optimized with the Yoast SEO plugin v27.5 - https:\/\/yoast.com\/product\/yoast-seo-wordpress\/ -->\n<title>Ag cur in Aithne Rua - Fire Ireland<\/title>\n<meta name=\"robots\" content=\"index, follow, max-snippet:-1, max-image-preview:large, max-video-preview:-1\" \/>\n<link rel=\"canonical\" href=\"https:\/\/www.fireireland.ie\/ga\/cuinne-na-leanai\/ag-cur-in-aithne-rua\/\" \/>\n<meta property=\"og:locale\" content=\"ga_IE\" \/>\n<meta property=\"og:type\" content=\"article\" \/>\n<meta property=\"og:title\" content=\"Ag cur in Aithne Rua - Fire Ireland\" \/>\n<meta property=\"og:description\" content=\"Haigh! Is mise Rua an C\u00fa D\u00f3ite\u00e1in, oibr\u00edm sa Sti\u00farth\u00f3ireacht N\u00e1isi\u00fanta um Bainist\u00edocht D\u00f3ite\u00e1in agus \u00c9igeand\u00e1la (SNBDE). Cabhra\u00edmid leis na comhraiceoir\u00ed d\u00f3ite\u00e1in f\u00edorchr\u00f3ga ar fud na t\u00edre chun sibh f\u00e9in agus bhur dteaghlaigh a choinne\u00e1il sl\u00e1n! Iarr ar do thuismitheoir\u00ed n\u00f3 caomhn\u00f3ir\u00ed agus b&#8217;fh\u00e9idir go gcuimhneoidh siad orm. Is \u00e9 an post at\u00e1 agam n\u00e1 [&hellip;]\" \/>\n<meta property=\"og:url\" content=\"https:\/\/www.fireireland.ie\/ga\/cuinne-na-leanai\/ag-cur-in-aithne-rua\/\" \/>\n<meta property=\"og:site_name\" content=\"Fire Ireland\" \/>\n<meta property=\"article:publisher\" content=\"http:\/\/www.facebook.com\/IrishFireSafety\" \/>\n<meta property=\"article:modified_time\" content=\"2024-07-19T09:20:37+00:00\" \/>\n<meta property=\"og:image\" content=\"https:\/\/cdn.fireireland.ie\/wp-content\/uploads\/2024\/05\/29153106\/Rua-Banner-Inset.png\" \/>\n\t<meta property=\"og:image:width\" content=\"1262\" \/>\n\t<meta property=\"og:image:height\" content=\"487\" \/>\n\t<meta property=\"og:image:type\" content=\"image\/png\" \/>\n<meta name=\"twitter:card\" content=\"summary_large_image\" \/>\n<meta name=\"twitter:site\" content=\"@FireSafetyIre\" \/>\n<meta name=\"twitter:label1\" content=\"Est. reading time\" \/>\n\t<meta name=\"twitter:data1\" content=\"1 minute\" \/>\n<script type=\"application\/ld+json\" class=\"yoast-schema-graph\">{\"@context\":\"https:\\\/\\\/schema.org\",\"@graph\":[{\"@type\":\"WebPage\",\"@id\":\"https:\\\/\\\/www.fireireland.ie\\\/ga\\\/cuinne-na-leanai\\\/ag-cur-in-aithne-rua\\\/\",\"url\":\"https:\\\/\\\/www.fireireland.ie\\\/ga\\\/cuinne-na-leanai\\\/ag-cur-in-aithne-rua\\\/\",\"name\":\"Ag cur in Aithne Rua - Fire Ireland\",\"isPartOf\":{\"@id\":\"https:\\\/\\\/www.fireireland.ie\\\/ga\\\/#website\"},\"primaryImageOfPage\":{\"@id\":\"https:\\\/\\\/www.fireireland.ie\\\/ga\\\/cuinne-na-leanai\\\/ag-cur-in-aithne-rua\\\/#primaryimage\"},\"image\":{\"@id\":\"https:\\\/\\\/www.fireireland.ie\\\/ga\\\/cuinne-na-leanai\\\/ag-cur-in-aithne-rua\\\/#primaryimage\"},\"thumbnailUrl\":\"https:\\\/\\\/cdn.fireireland.ie\\\/wp-content\\\/uploads\\\/2024\\\/05\\\/29153106\\\/Rua-Banner-Inset.png\",\"datePublished\":\"2024-04-05T12:40:13+00:00\",\"dateModified\":\"2024-07-19T09:20:37+00:00\",\"breadcrumb\":{\"@id\":\"https:\\\/\\\/www.fireireland.ie\\\/ga\\\/cuinne-na-leanai\\\/ag-cur-in-aithne-rua\\\/#breadcrumb\"},\"inLanguage\":\"ga-IE\",\"potentialAction\":[{\"@type\":\"ReadAction\",\"target\":[\"https:\\\/\\\/www.fireireland.ie\\\/ga\\\/cuinne-na-leanai\\\/ag-cur-in-aithne-rua\\\/\"]}]},{\"@type\":\"ImageObject\",\"inLanguage\":\"ga-IE\",\"@id\":\"https:\\\/\\\/www.fireireland.ie\\\/ga\\\/cuinne-na-leanai\\\/ag-cur-in-aithne-rua\\\/#primaryimage\",\"url\":\"https:\\\/\\\/cdn.fireireland.ie\\\/wp-content\\\/uploads\\\/2024\\\/05\\\/29153106\\\/Rua-Banner-Inset.png\",\"contentUrl\":\"https:\\\/\\\/cdn.fireireland.ie\\\/wp-content\\\/uploads\\\/2024\\\/05\\\/29153106\\\/Rua-Banner-Inset.png\",\"width\":1262,\"height\":487,\"caption\":\"Rua pointing left\"},{\"@type\":\"BreadcrumbList\",\"@id\":\"https:\\\/\\\/www.fireireland.ie\\\/ga\\\/cuinne-na-leanai\\\/ag-cur-in-aithne-rua\\\/#breadcrumb\",\"itemListElement\":[{\"@type\":\"ListItem\",\"position\":1,\"name\":\"Home\",\"item\":\"https:\\\/\\\/www.fireireland.ie\\\/ga\\\/\"},{\"@type\":\"ListItem\",\"position\":2,\"name\":\"C\u00fainne na Leana\u00ed\",\"item\":\"https:\\\/\\\/www.fireireland.ie\\\/ga\\\/cuinne-na-leanai\\\/\"},{\"@type\":\"ListItem\",\"position\":3,\"name\":\"Ag cur in Aithne Rua\"}]},{\"@type\":\"WebSite\",\"@id\":\"https:\\\/\\\/www.fireireland.ie\\\/ga\\\/#website\",\"url\":\"https:\\\/\\\/www.fireireland.ie\\\/ga\\\/\",\"name\":\"Fire Ireland\",\"description\":\"\",\"publisher\":{\"@id\":\"https:\\\/\\\/www.fireireland.ie\\\/ga\\\/#organization\"},\"potentialAction\":[{\"@type\":\"SearchAction\",\"target\":{\"@type\":\"EntryPoint\",\"urlTemplate\":\"https:\\\/\\\/www.fireireland.ie\\\/ga\\\/?s={search_term_string}\"},\"query-input\":{\"@type\":\"PropertyValueSpecification\",\"valueRequired\":true,\"valueName\":\"search_term_string\"}}],\"inLanguage\":\"ga-IE\"},{\"@type\":\"Organization\",\"@id\":\"https:\\\/\\\/www.fireireland.ie\\\/ga\\\/#organization\",\"name\":\"Department of Housing, Local Government and Heritage\",\"url\":\"https:\\\/\\\/www.fireireland.ie\\\/ga\\\/\",\"logo\":{\"@type\":\"ImageObject\",\"inLanguage\":\"ga-IE\",\"@id\":\"https:\\\/\\\/www.fireireland.ie\\\/ga\\\/#\\\/schema\\\/logo\\\/image\\\/\",\"url\":\"https:\\\/\\\/cdn.fireireland.ie\\\/wp-content\\\/uploads\\\/2024\\\/02\\\/02094911\\\/fireireland-1.png\",\"contentUrl\":\"https:\\\/\\\/cdn.fireireland.ie\\\/wp-content\\\/uploads\\\/2024\\\/02\\\/02094911\\\/fireireland-1.png\",\"width\":261,\"height\":72,\"caption\":\"Department of Housing, Local Government and Heritage\"},\"image\":{\"@id\":\"https:\\\/\\\/www.fireireland.ie\\\/ga\\\/#\\\/schema\\\/logo\\\/image\\\/\"},\"sameAs\":[\"http:\\\/\\\/www.facebook.com\\\/IrishFireSafety\",\"https:\\\/\\\/x.com\\\/FireSafetyIre\",\"http:\\\/\\\/www.youtube.com\\\/user\\\/NDFEM\"]}]}<\/script>\n<!-- \/ Yoast SEO plugin. -->","yoast_head_json":{"title":"Ag cur in Aithne Rua - Fire Ireland","robots":{"index":"index","follow":"follow","max-snippet":"max-snippet:-1","max-image-preview":"max-image-preview:large","max-video-preview":"max-video-preview:-1"},"canonical":"https:\/\/www.fireireland.ie\/ga\/cuinne-na-leanai\/ag-cur-in-aithne-rua\/","og_locale":"ga_IE","og_type":"article","og_title":"Ag cur in Aithne Rua - Fire Ireland","og_description":"Haigh! Is mise Rua an C\u00fa D\u00f3ite\u00e1in, oibr\u00edm sa Sti\u00farth\u00f3ireacht N\u00e1isi\u00fanta um Bainist\u00edocht D\u00f3ite\u00e1in agus \u00c9igeand\u00e1la (SNBDE). Cabhra\u00edmid leis na comhraiceoir\u00ed d\u00f3ite\u00e1in f\u00edorchr\u00f3ga ar fud na t\u00edre chun sibh f\u00e9in agus bhur dteaghlaigh a choinne\u00e1il sl\u00e1n! Iarr ar do thuismitheoir\u00ed n\u00f3 caomhn\u00f3ir\u00ed agus b&#8217;fh\u00e9idir go gcuimhneoidh siad orm. Is \u00e9 an post at\u00e1 agam n\u00e1 [&hellip;]","og_url":"https:\/\/www.fireireland.ie\/ga\/cuinne-na-leanai\/ag-cur-in-aithne-rua\/","og_site_name":"Fire Ireland","article_publisher":"http:\/\/www.facebook.com\/IrishFireSafety","article_modified_time":"2024-07-19T09:20:37+00:00","og_image":[{"width":1262,"height":487,"url":"https:\/\/cdn.fireireland.ie\/wp-content\/uploads\/2024\/05\/29153106\/Rua-Banner-Inset.png","type":"image\/png"}],"twitter_card":"summary_large_image","twitter_site":"@FireSafetyIre","twitter_misc":{"Est. reading time":"1 minute"},"schema":{"@context":"https:\/\/schema.org","@graph":[{"@type":"WebPage","@id":"https:\/\/www.fireireland.ie\/ga\/cuinne-na-leanai\/ag-cur-in-aithne-rua\/","url":"https:\/\/www.fireireland.ie\/ga\/cuinne-na-leanai\/ag-cur-in-aithne-rua\/","name":"Ag cur in Aithne Rua - Fire Ireland","isPartOf":{"@id":"https:\/\/www.fireireland.ie\/ga\/#website"},"primaryImageOfPage":{"@id":"https:\/\/www.fireireland.ie\/ga\/cuinne-na-leanai\/ag-cur-in-aithne-rua\/#primaryimage"},"image":{"@id":"https:\/\/www.fireireland.ie\/ga\/cuinne-na-leanai\/ag-cur-in-aithne-rua\/#primaryimage"},"thumbnailUrl":"https:\/\/cdn.fireireland.ie\/wp-content\/uploads\/2024\/05\/29153106\/Rua-Banner-Inset.png","datePublished":"2024-04-05T12:40:13+00:00","dateModified":"2024-07-19T09:20:37+00:00","breadcrumb":{"@id":"https:\/\/www.fireireland.ie\/ga\/cuinne-na-leanai\/ag-cur-in-aithne-rua\/#breadcrumb"},"inLanguage":"ga-IE","potentialAction":[{"@type":"ReadAction","target":["https:\/\/www.fireireland.ie\/ga\/cuinne-na-leanai\/ag-cur-in-aithne-rua\/"]}]},{"@type":"ImageObject","inLanguage":"ga-IE","@id":"https:\/\/www.fireireland.ie\/ga\/cuinne-na-leanai\/ag-cur-in-aithne-rua\/#primaryimage","url":"https:\/\/cdn.fireireland.ie\/wp-content\/uploads\/2024\/05\/29153106\/Rua-Banner-Inset.png","contentUrl":"https:\/\/cdn.fireireland.ie\/wp-content\/uploads\/2024\/05\/29153106\/Rua-Banner-Inset.png","width":1262,"height":487,"caption":"Rua pointing left"},{"@type":"BreadcrumbList","@id":"https:\/\/www.fireireland.ie\/ga\/cuinne-na-leanai\/ag-cur-in-aithne-rua\/#breadcrumb","itemListElement":[{"@type":"ListItem","position":1,"name":"Home","item":"https:\/\/www.fireireland.ie\/ga\/"},{"@type":"ListItem","position":2,"name":"C\u00fainne na Leana\u00ed","item":"https:\/\/www.fireireland.ie\/ga\/cuinne-na-leanai\/"},{"@type":"ListItem","position":3,"name":"Ag cur in Aithne Rua"}]},{"@type":"WebSite","@id":"https:\/\/www.fireireland.ie\/ga\/#website","url":"https:\/\/www.fireireland.ie\/ga\/","name":"Fire Ireland","description":"","publisher":{"@id":"https:\/\/www.fireireland.ie\/ga\/#organization"},"potentialAction":[{"@type":"SearchAction","target":{"@type":"EntryPoint","urlTemplate":"https:\/\/www.fireireland.ie\/ga\/?s={search_term_string}"},"query-input":{"@type":"PropertyValueSpecification","valueRequired":true,"valueName":"search_term_string"}}],"inLanguage":"ga-IE"},{"@type":"Organization","@id":"https:\/\/www.fireireland.ie\/ga\/#organization","name":"Department of Housing, Local Government and Heritage","url":"https:\/\/www.fireireland.ie\/ga\/","logo":{"@type":"ImageObject","inLanguage":"ga-IE","@id":"https:\/\/www.fireireland.ie\/ga\/#\/schema\/logo\/image\/","url":"https:\/\/cdn.fireireland.ie\/wp-content\/uploads\/2024\/02\/02094911\/fireireland-1.png","contentUrl":"https:\/\/cdn.fireireland.ie\/wp-content\/uploads\/2024\/02\/02094911\/fireireland-1.png","width":261,"height":72,"caption":"Department of Housing, Local Government and Heritage"},"image":{"@id":"https:\/\/www.fireireland.ie\/ga\/#\/schema\/logo\/image\/"},"sameAs":["http:\/\/www.facebook.com\/IrishFireSafety","https:\/\/x.com\/FireSafetyIre","http:\/\/www.youtube.com\/user\/NDFEM"]}]}},"spectra_custom_meta":{"adv-header-id-meta":[""],"stick-header-meta":[""],"site-post-title":["disabled"],"theme-transparent-header-meta":[""],"site-content-style":["boxed"],"_wpml_media_duplicate":["1"],"_wpml_media_featured":["1"],"_top_nav_excluded":[""],"_cms_nav_minihome":[""],"_thumbnail_id":["2050"],"_last_translation_edit_mode":["translation-editor"],"_wp_page_template":[""],"amazonS3_cache":["a:6:{s:61:\"\/\/www.fireireland.ie\/wp-content\/uploads\/2024\/04\/RUA_Front.png\";a:2:{s:2:\"id\";i:1997;s:11:\"source_type\";s:13:\"media-library\";}s:90:\"\/\/fi-cdn-live.s3.eu-west-1.amazonaws.com\/wp-content\/uploads\/2024\/04\/02094844\/RUA_Front.png\";a:2:{s:2:\"id\";i:1997;s:11:\"source_type\";s:13:\"media-library\";}s:61:\"\/\/www.fireireland.ie\/wp-content\/uploads\/2024\/04\/Woof-Woof.png\";a:2:{s:2:\"id\";i:1603;s:11:\"source_type\";s:13:\"media-library\";}s:90:\"\/\/fi-cdn-live.s3.eu-west-1.amazonaws.com\/wp-content\/uploads\/2024\/04\/02094857\/Woof-Woof.png\";a:2:{s:2:\"id\";i:1603;s:11:\"source_type\";s:13:\"media-library\";}s:70:\"\/\/cdn.fireireland.ie\/wp-content\/uploads\/2024\/04\/02094844\/RUA_Front.png\";a:2:{s:2:\"id\";i:1997;s:11:\"source_type\";s:13:\"media-library\";}s:70:\"\/\/cdn.fireireland.ie\/wp-content\/uploads\/2024\/04\/02094857\/Woof-Woof.png\";a:2:{s:2:\"id\";i:1603;s:11:\"source_type\";s:13:\"media-library\";}}"],"_wpml_media_has_media":["1"],"cmplz_hide_cookiebanner":[""],"_wpml_word_count":["{\"total\":113,\"to_translate\":{\"en\":113}}"],"_uagb_previous_block_counts":["a:90:{s:21:\"uagb\/advanced-heading\";i:0;s:15:\"uagb\/blockquote\";i:0;s:12:\"uagb\/buttons\";i:0;s:18:\"uagb\/buttons-child\";i:0;s:19:\"uagb\/call-to-action\";i:0;s:15:\"uagb\/cf7-styler\";i:0;s:11:\"uagb\/column\";i:0;s:12:\"uagb\/columns\";i:0;s:14:\"uagb\/container\";i:0;s:21:\"uagb\/content-timeline\";i:0;s:27:\"uagb\/content-timeline-child\";i:0;s:14:\"uagb\/countdown\";i:0;s:12:\"uagb\/counter\";i:0;s:8:\"uagb\/faq\";i:0;s:14:\"uagb\/faq-child\";i:0;s:10:\"uagb\/forms\";i:0;s:17:\"uagb\/forms-accept\";i:0;s:19:\"uagb\/forms-checkbox\";i:0;s:15:\"uagb\/forms-date\";i:0;s:16:\"uagb\/forms-email\";i:0;s:17:\"uagb\/forms-hidden\";i:0;s:15:\"uagb\/forms-name\";i:0;s:16:\"uagb\/forms-phone\";i:0;s:16:\"uagb\/forms-radio\";i:0;s:17:\"uagb\/forms-select\";i:0;s:19:\"uagb\/forms-textarea\";i:0;s:17:\"uagb\/forms-toggle\";i:0;s:14:\"uagb\/forms-url\";i:0;s:14:\"uagb\/gf-styler\";i:0;s:15:\"uagb\/google-map\";i:0;s:11:\"uagb\/how-to\";i:0;s:16:\"uagb\/how-to-step\";i:0;s:9:\"uagb\/icon\";i:0;s:14:\"uagb\/icon-list\";i:0;s:20:\"uagb\/icon-list-child\";i:0;s:10:\"uagb\/image\";i:0;s:18:\"uagb\/image-gallery\";i:0;s:13:\"uagb\/info-box\";i:0;s:18:\"uagb\/inline-notice\";i:0;s:11:\"uagb\/lottie\";i:0;s:21:\"uagb\/marketing-button\";i:0;s:10:\"uagb\/modal\";i:0;s:18:\"uagb\/popup-builder\";i:0;s:16:\"uagb\/post-button\";i:0;s:18:\"uagb\/post-carousel\";i:0;s:17:\"uagb\/post-excerpt\";i:0;s:14:\"uagb\/post-grid\";i:0;s:15:\"uagb\/post-image\";i:0;s:17:\"uagb\/post-masonry\";i:0;s:14:\"uagb\/post-meta\";i:0;s:18:\"uagb\/post-taxonomy\";i:0;s:18:\"uagb\/post-timeline\";i:0;s:15:\"uagb\/post-title\";i:0;s:20:\"uagb\/restaurant-menu\";i:0;s:26:\"uagb\/restaurant-menu-child\";i:0;s:11:\"uagb\/review\";i:0;s:12:\"uagb\/section\";i:0;s:14:\"uagb\/separator\";i:0;s:11:\"uagb\/slider\";i:0;s:17:\"uagb\/slider-child\";i:0;s:17:\"uagb\/social-share\";i:0;s:23:\"uagb\/social-share-child\";i:0;s:16:\"uagb\/star-rating\";i:0;s:23:\"uagb\/sure-cart-checkout\";i:0;s:22:\"uagb\/sure-cart-product\";i:0;s:15:\"uagb\/sure-forms\";i:0;s:22:\"uagb\/table-of-contents\";i:0;s:9:\"uagb\/tabs\";i:0;s:15:\"uagb\/tabs-child\";i:0;s:18:\"uagb\/taxonomy-list\";i:0;s:9:\"uagb\/team\";i:0;s:16:\"uagb\/testimonial\";i:0;s:14:\"uagb\/wp-search\";i:0;s:19:\"uagb\/instagram-feed\";i:0;s:10:\"uagb\/login\";i:0;s:17:\"uagb\/loop-builder\";i:0;s:18:\"uagb\/loop-category\";i:0;s:20:\"uagb\/loop-pagination\";i:0;s:15:\"uagb\/loop-reset\";i:0;s:16:\"uagb\/loop-search\";i:0;s:14:\"uagb\/loop-sort\";i:0;s:17:\"uagb\/loop-wrapper\";i:0;s:13:\"uagb\/register\";i:0;s:19:\"uagb\/register-email\";i:0;s:24:\"uagb\/register-first-name\";i:0;s:23:\"uagb\/register-last-name\";i:0;s:22:\"uagb\/register-password\";i:0;s:30:\"uagb\/register-reenter-password\";i:0;s:19:\"uagb\/register-terms\";i:0;s:22:\"uagb\/register-username\";i:0;}"],"_uag_page_assets":["a:9:{s:3:\"css\";s:0:\"\";s:2:\"js\";s:0:\"\";s:18:\"current_block_list\";a:16:{i:0;s:10:\"core\/cover\";i:1;s:10:\"core\/group\";i:2;s:12:\"core\/heading\";i:3;s:11:\"core\/spacer\";i:4;s:14:\"core\/shortcode\";i:5;s:12:\"core\/columns\";i:6;s:11:\"core\/column\";i:7;s:14:\"core\/paragraph\";i:9;s:10:\"core\/image\";i:10;s:11:\"core\/search\";i:11;s:17:\"core\/latest-posts\";i:12;s:20:\"core\/latest-comments\";i:13;s:13:\"core\/archives\";i:14;s:15:\"core\/categories\";i:15;s:17:\"core\/social-links\";i:16;s:16:\"core\/social-link\";}s:8:\"uag_flag\";b:0;s:11:\"uag_version\";s:10:\"1777521650\";s:6:\"gfonts\";a:0:{}s:10:\"gfonts_url\";s:0:\"\";s:12:\"gfonts_files\";a:0:{}s:14:\"uag_faq_layout\";b:0;}"]},"uagb_featured_image_src":{"full":["https:\/\/cdn.fireireland.ie\/wp-content\/uploads\/2024\/05\/29153106\/Rua-Banner-Inset.png",1262,487,false],"thumbnail":["https:\/\/cdn.fireireland.ie\/wp-content\/uploads\/2024\/05\/29153106\/Rua-Banner-Inset-150x150.png",150,150,true],"medium":["https:\/\/cdn.fireireland.ie\/wp-content\/uploads\/2024\/05\/29153106\/Rua-Banner-Inset-300x116.png",300,116,true],"medium_large":["https:\/\/cdn.fireireland.ie\/wp-content\/uploads\/2024\/05\/29153106\/Rua-Banner-Inset-768x296.png",768,296,true],"large":["https:\/\/cdn.fireireland.ie\/wp-content\/uploads\/2024\/05\/29153106\/Rua-Banner-Inset-1024x395.png",1024,395,true],"1536x1536":["https:\/\/cdn.fireireland.ie\/wp-content\/uploads\/2024\/05\/29153106\/Rua-Banner-Inset.png",1262,487,false],"2048x2048":["https:\/\/cdn.fireireland.ie\/wp-content\/uploads\/2024\/05\/29153106\/Rua-Banner-Inset.png",1262,487,false],"gform-image-choice-sm":["https:\/\/cdn.fireireland.ie\/wp-content\/uploads\/2024\/05\/29153106\/Rua-Banner-Inset.png",300,116,false],"gform-image-choice-md":["https:\/\/cdn.fireireland.ie\/wp-content\/uploads\/2024\/05\/29153106\/Rua-Banner-Inset.png",400,154,false],"gform-image-choice-lg":["https:\/\/cdn.fireireland.ie\/wp-content\/uploads\/2024\/05\/29153106\/Rua-Banner-Inset.png",600,232,false]},"uagb_author_info":{"display_name":"Robert.Lockwood","author_link":"https:\/\/www.fireireland.ie\/ga\/author\/robert-lockwood\/"},"uagb_comment_info":0,"uagb_excerpt":"Haigh! Is mise Rua an C\u00fa D\u00f3ite\u00e1in, oibr\u00edm sa Sti\u00farth\u00f3ireacht N\u00e1isi\u00fanta um Bainist\u00edocht D\u00f3ite\u00e1in agus \u00c9igeand\u00e1la (SNBDE). Cabhra\u00edmid leis na comhraiceoir\u00ed d\u00f3ite\u00e1in f\u00edorchr\u00f3ga ar fud na t\u00edre chun sibh f\u00e9in agus bhur dteaghlaigh a choinne\u00e1il sl\u00e1n! Iarr ar do thuismitheoir\u00ed n\u00f3 caomhn\u00f3ir\u00ed agus b&#8217;fh\u00e9idir go gcuimhneoidh siad orm. Is \u00e9 an post at\u00e1 agam n\u00e1&hellip;","_links":{"self":[{"href":"https:\/\/www.fireireland.ie\/ga\/wp-json\/wp\/v2\/pages\/1898","targetHints":{"allow":["GET"]}}],"collection":[{"href":"https:\/\/www.fireireland.ie\/ga\/wp-json\/wp\/v2\/pages"}],"about":[{"href":"https:\/\/www.fireireland.ie\/ga\/wp-json\/wp\/v2\/types\/page"}],"author":[{"embeddable":true,"href":"https:\/\/www.fireireland.ie\/ga\/wp-json\/wp\/v2\/users\/1"}],"replies":[{"embeddable":true,"href":"https:\/\/www.fireireland.ie\/ga\/wp-json\/wp\/v2\/comments?post=1898"}],"version-history":[{"count":7,"href":"https:\/\/www.fireireland.ie\/ga\/wp-json\/wp\/v2\/pages\/1898\/revisions"}],"predecessor-version":[{"id":2054,"href":"https:\/\/www.fireireland.ie\/ga\/wp-json\/wp\/v2\/pages\/1898\/revisions\/2054"}],"up":[{"embeddable":true,"href":"https:\/\/www.fireireland.ie\/ga\/wp-json\/wp\/v2\/pages\/585"}],"wp:featuredmedia":[{"embeddable":true,"href":"https:\/\/www.fireireland.ie\/ga\/wp-json\/wp\/v2\/media\/2050"}],"wp:attachment":[{"href":"https:\/\/www.fireireland.ie\/ga\/wp-json\/wp\/v2\/media?parent=1898"}],"wp:term":[{"taxonomy":"category","embeddable":true,"href":"https:\/\/www.fireireland.ie\/ga\/wp-json\/wp\/v2\/categories?post=1898"},{"taxonomy":"post_tag","embeddable":true,"href":"https:\/\/www.fireireland.ie\/ga\/wp-json\/wp\/v2\/tags?post=1898"}],"curies":[{"name":"wp","href":"https:\/\/api.w.org\/{rel}","templated":true}]}}